{"id":1124,"date":"2021-01-13T15:34:29","date_gmt":"2021-01-13T14:34:29","guid":{"rendered":"https:\/\/preprod.prepasecu.fr\/?page_id=1124"},"modified":"2023-07-03T14:46:36","modified_gmt":"2023-07-03T12:46:36","slug":"le-mac-aps","status":"publish","type":"page","link":"https:\/\/prepasecu.fr\/tfp-aps\/mac-aps","title":{"rendered":"Le MAC APS"},"content":{"rendered":"\n<div id=\"ez-toc-container\" class=\"ez-toc-v2_0_50 counter-hierarchy ez-toc-counter ez-toc-grey ez-toc-container-direction\">\n<div class=\"ez-toc-title-container\">\n<p class=\"ez-toc-title\">Sommaire<\/p>\n<span class=\"ez-toc-title-toggle\"><a href=\"#\" class=\"ez-toc-pull-right ez-toc-btn ez-toc-btn-xs ez-toc-btn-default ez-toc-toggle\" aria-label=\"Toggle Table of Content\" role=\"button\"><label for=\"item-69f41add6ac90\" aria-hidden=\"true\"><span style=\"display: flex;align-items: center;width: 35px;height: 30px;justify-content: center;direction:ltr;\"><svg style=\"fill: #999;color:#999\" xmlns=\"http:\/\/www.w3.org\/2000\/svg\" class=\"list-377408\" width=\"20px\" height=\"20px\" viewBox=\"0 0 24 24\" fill=\"none\"><path d=\"M6 6H4v2h2V6zm14 0H8v2h12V6zM4 11h2v2H4v-2zm16 0H8v2h12v-2zM4 16h2v2H4v-2zm16 0H8v2h12v-2z\" fill=\"currentColor\"><\/path><\/svg><svg style=\"fill: #999;color:#999\" class=\"arrow-unsorted-368013\" xmlns=\"http:\/\/www.w3.org\/2000\/svg\" width=\"10px\" height=\"10px\" viewBox=\"0 0 24 24\" version=\"1.2\" baseProfile=\"tiny\"><path d=\"M18.2 9.3l-6.2-6.3-6.2 6.3c-.2.2-.3.4-.3.7s.1.5.3.7c.2.2.4.3.7.3h11c.3 0 .5-.1.7-.3.2-.2.3-.5.3-.7s-.1-.5-.3-.7zM5.8 14.7l6.2 6.3 6.2-6.3c.2-.2.3-.5.3-.7s-.1-.5-.3-.7c-.2-.2-.4-.3-.7-.3h-11c-.3 0-.5.1-.7.3-.2.2-.3.5-.3.7s.1.5.3.7z\"\/><\/svg><\/span><\/label><input  type=\"checkbox\" id=\"item-69f41add6ac90\"><\/a><\/span><\/div>\n<nav><ul class='ez-toc-list ez-toc-list-level-1 ' ><li class='ez-toc-page-1 ez-toc-heading-level-2'><a class=\"ez-toc-link ez-toc-heading-1\" href=\"https:\/\/prepasecu.fr\/tfp-aps\/mac-aps\/#Qu%E2%80%99est-ce_que_le_MAC_APS\" title=\"Qu\u2019est-ce que le MAC APS&nbsp;?\">Qu\u2019est-ce que le MAC APS&nbsp;?<\/a><\/li><li class='ez-toc-page-1 ez-toc-heading-level-2'><a class=\"ez-toc-link ez-toc-heading-2\" href=\"https:\/\/prepasecu.fr\/tfp-aps\/mac-aps\/#Quand_est-ce_qu%E2%80%99il_faut_suivre_le_stage\" title=\"Quand est-ce qu\u2019il faut suivre le stage&nbsp;?\">Quand est-ce qu\u2019il faut suivre le stage&nbsp;?<\/a><\/li><li class='ez-toc-page-1 ez-toc-heading-level-2'><a class=\"ez-toc-link ez-toc-heading-3\" href=\"https:\/\/prepasecu.fr\/tfp-aps\/mac-aps\/#Quels_sont_les_prerequis_pour_le_MAC_APS\" title=\"Quels sont les pr\u00e9requis pour le MAC APS&nbsp;?\">Quels sont les pr\u00e9requis pour le MAC APS&nbsp;?<\/a><\/li><li class='ez-toc-page-1 ez-toc-heading-level-2'><a class=\"ez-toc-link ez-toc-heading-4\" href=\"https:\/\/prepasecu.fr\/tfp-aps\/mac-aps\/#Quel_est_le_programme_de_formation_au_MAC_APS\" title=\"Quel est le programme de formation au MAC APS&nbsp;?\">Quel est le programme de formation au MAC APS&nbsp;?<\/a><\/li><li class='ez-toc-page-1 ez-toc-heading-level-2'><a class=\"ez-toc-link ez-toc-heading-5\" href=\"https:\/\/prepasecu.fr\/tfp-aps\/mac-aps\/#Preparer_le_MAC_APS\" title=\"Pr\u00e9parer le MAC APS\">Pr\u00e9parer le MAC APS<\/a><\/li><li class='ez-toc-page-1 ez-toc-heading-level-2'><a class=\"ez-toc-link ez-toc-heading-6\" href=\"https:\/\/prepasecu.fr\/tfp-aps\/mac-aps\/#Ressources_utiles\" title=\"Ressources utiles\">Ressources utiles<\/a><\/li><\/ul><\/nav><\/div>\n<h2 class=\"wp-block-heading\"><span class=\"ez-toc-section\" id=\"Qu%E2%80%99est-ce_que_le_MAC_APS\"><\/span>Qu\u2019est-ce que le MAC APS&nbsp;?<span class=\"ez-toc-section-end\"><\/span><\/h2>\n\n\n\n<p><a href=\"https:\/\/www.legifrance.gouv.fr\/jorf\/id\/JORFTEXT000034104578\/\" target=\"_blank\" rel=\"noreferrer noopener\">Depuis le 1er janvier 2018<\/a>, les agents de s\u00e9curit\u00e9 doivent suivre un stage de recyclage pour obtenir une attestation de MAC APS (Maintien et actualisation des comp\u00e9tences de l\u2019agent de pr\u00e9vention et de s\u00e9curit\u00e9). Elle est d\u00e9sormais exig\u00e9e par le CNAPS (Conseil national des activit\u00e9s priv\u00e9es de s\u00e9curit\u00e9) lors du renouvellement de la carte professionnelle tous les 5 ans.<\/p>\n\n\n\n<h2 class=\"wp-block-heading\"><span class=\"ez-toc-section\" id=\"Quand_est-ce_qu%E2%80%99il_faut_suivre_le_stage\"><\/span>Quand est-ce qu\u2019il faut suivre le stage&nbsp;?<span class=\"ez-toc-section-end\"><\/span><\/h2>\n\n\n\n<p>Si l\u2019agent renouvelle sa carte professionnelle dans les d\u00e9lais requis par l\u2019article R. 612-17 du CSI, c\u2019est-\u00e0-dire \u00ab&nbsp;trois mois avant sa date d\u2019expiration&nbsp;\u00bb, il doit avoir suivi le stage dans les 24 mois qui pr\u00e9c\u00e8dent l\u2019\u00e9ch\u00e9ance de validit\u00e9 de sa carte. <\/p>\n\n\n\n<p>Au contraire, si l\u2019agent n\u2019a pas renouvel\u00e9 la carte au bout de 5 ans, il doit justifier la r\u00e9alisation du stage dans les 12 mois avant la date de sa nouvelle demande de carte.<\/p>\n\n\n\n<h2 class=\"wp-block-heading\"><span class=\"ez-toc-section\" id=\"Quels_sont_les_prerequis_pour_le_MAC_APS\"><\/span>Quels sont les pr\u00e9requis pour le MAC APS&nbsp;?<span class=\"ez-toc-section-end\"><\/span><\/h2>\n\n\n\n<p>Pour suivre le stage, il faut d\u2019abord \u00eatre titulaire de la carte professionnelle d\u2019agent de s\u00e9curit\u00e9 priv\u00e9e. Aussi, il est possible que le centre de formation soumette l\u2019agent \u00e0 une \u00e9valuation p\u00e9dagogique individualis\u00e9e de ses connaissances \u00e0 travers un QCM.<\/p>\n\n\n\n<p>Dans le cas o\u00f9 la carte professionnelle est p\u00e9rim\u00e9e, il faudra d\u00e9tenir en plus une autorisation pr\u00e9alable d\u00e9livr\u00e9e par le CNAPS.<\/p>\n\n\n\n<h2 class=\"wp-block-heading\"><span class=\"ez-toc-section\" id=\"Quel_est_le_programme_de_formation_au_MAC_APS\"><\/span>Quel est le programme de formation au MAC APS&nbsp;?<span class=\"ez-toc-section-end\"><\/span><\/h2>\n\n\n\n<p>Le programme est compos\u00e9 de quatre modules distincts&nbsp;:<\/p>\n\n\n\n<ul class=\"wp-block-list\">\n<li><strong>Le module 1 est d\u00e9di\u00e9 aux premiers secours et il dure 7 h<\/strong>. Vous r\u00e9apprenez comment intervenir face \u00e0 une situation d\u2019accident et les moyens d\u2019alerter les secours. Vous abordez aussi la mani\u00e8re de secourir les victimes. Il est possible d\u2019\u00eatre dispens\u00e9 de ce module sur demande et sur pr\u00e9sentation d\u2019un certificat SST (Sauveteur secouriste du travail) valide au moment de la formation.<\/li>\n\n\n\n<li><strong>Le module 2 porte sur le cadre juridique d\u2019intervention de l\u2019agent priv\u00e9 de s\u00e9curit\u00e9<\/strong>. Pendant 4 h, l\u2019objectif est d\u2019actualiser les connaissances relatives aux grands principes qui encadrent le m\u00e9tier d\u2019agent priv\u00e9 de s\u00e9curit\u00e9. Vous revenez sur la d\u00e9ontologie professionnelle \u00e0 ma\u00eetriser et vos obligations en tant que professionnel de la s\u00e9curit\u00e9.<\/li>\n\n\n\n<li><strong>Le module 3 a une dur\u00e9e de 7 h et il aborde les comp\u00e9tences op\u00e9rationnelles g\u00e9n\u00e9rales<\/strong>. Vous r\u00e9visez la gestion des situations de conflit ainsi que les mesures d\u2019Inspection Filtrage.<\/li>\n\n\n\n<li>Enfin, <strong>le module 4 est consacr\u00e9 aux comp\u00e9tences professionnelles sp\u00e9cifiques li\u00e9es \u00e0 la pr\u00e9vention des risques terroristes<\/strong>. C\u2019est le plus long et il s\u2019\u00e9tale sur 13 h. Cette unit\u00e9 se propose de d\u00e9finir les risques et conna\u00eetre les diff\u00e9rentes menaces terroristes. Vous devez conna\u00eetre les diff\u00e9rents niveaux de risques associ\u00e9s et les divers mat\u00e9riels terroristes. Vous saurez d\u00e9velopper vos r\u00e9flexes en mati\u00e8re de pr\u00e9vention et de s\u00e9curit\u00e9 face aux menaces terroristes. \u00c0 l\u2019issue de cette s\u00e9quence, vous saurez d\u00e9tecter et pr\u00e9venir les menaces terroristes gr\u00e2ce \u00e0 l\u2019adoption de bons r\u00e9flexes. Elle vous donnera les outils pour entretenir votre culture de la s\u00e9curit\u00e9, vous prot\u00e9ger vous-m\u00eame et autrui. Vous reviendrez sur comment alerter les forces de l\u2019ordre et faciliter leur intervention. Vous conna\u00eetrez les meilleurs moyens de s\u00e9curiser une zone, d\u2019identifier le risque de blessure en rapport avec le danger et des notions de secourisme \u00ab&nbsp;tactique&nbsp;\u00bb.<\/li>\n<\/ul>\n\n\n\n<p>Au total, la formation dure 31 h ou 24 h si vous avez valid\u00e9 le MAC SST par une autre voie (une formation SST ou un recyclage PSC1 datant de moins de 2 ans au moment du stage).<\/p>\n\n\n\n<h2 class=\"wp-block-heading\"><span class=\"ez-toc-section\" id=\"Preparer_le_MAC_APS\"><\/span>Pr\u00e9parer le MAC APS<span class=\"ez-toc-section-end\"><\/span><\/h2>\n\n\n\n<p>Pour mieux profiter du stage, pensez \u00e0 r\u00e9viser vos cours du CQP APS. Vous serez \u00e9valu\u00e9s par un contr\u00f4le continu bas\u00e9 sur des questions orales ou \u00e9crites (QCM) et une mise en situation. N\u2019h\u00e9sitez pas \u00e0 vous entra\u00eener avec les <a href=\"https:\/\/prepasecu.fr\/tfp-aps\/qcm\/entrainement\/gratuit\/\" title=\"Entra\u00eenez-vous et r\u00e9alisez des tests QCM TFP APS en ligne\">QCM<\/a> et les <a href=\"https:\/\/prepasecu.fr\/tfp-aps\/qcu\/entrainement\/gratuit\/\" title=\"Entra\u00eenez-vous et r\u00e9alisez des tests QCU TFP APS en ligne\">QCU<\/a> que nous avons pr\u00e9par\u00e9s.<\/p>\n\n\n\n<h2 class=\"wp-block-heading\"><span class=\"ez-toc-section\" id=\"Ressources_utiles\"><\/span>Ressources utiles<span class=\"ez-toc-section-end\"><\/span><\/h2>\n\n\n\n<ul class=\"wp-block-list\">\n<li>Le CQP APS devient le TFP APS en 2021. D\u00e9couvrez les changements&#8230; <a href=\"https:\/\/prepasecu.fr\/blog\/nouveau-en-2021-le-cqp-aps-devient-le-tfp-aps\/\" title=\"Nouveau en 2021 : le CQP APS devient le TFP APS\">Continuer la lecture<\/a><\/li>\n\n\n\n<li>Le CQP ASC \u00e9volue et devient le TFP ASC&#8230; <a href=\"https:\/\/prepasecu.fr\/blog\/cqp-asc-devient-tfp-asc-quels-changements\/\" title=\"Le CQP ASC devient le TFP ASC : quels changements\u2009?\">En savoir plus<\/a><\/li>\n<\/ul>\n\n\n\n<h1 class=\"wp-block-heading\">Centre de formation pour le MAC APS<\/h1>\n\n\n\n<h2 class=\"wp-block-heading\">MAC APS en Auvergne-Rh\u00f4ne-Alpes<\/h2>\n\n\n\n<h3 class=\"wp-block-heading\"><a href=\"https:\/\/prepasecu.fr\/tfp-aps\/mac-aps\/centres-formation\/ain\/\" target=\"_blank\" rel=\"noreferrer noopener\">MAC APS dans l&rsquo;Ain (01) \u2192<\/a><\/h3>\n\n\n\n<figure class=\"wp-block-table\"><table><tbody><tr><td><a href=\"https:\/\/prepasecu.fr\/tfp-aps\/mac-aps\/centres-formation\/ain\/ceyzeriat\" target=\"_blank\" rel=\"noreferrer noopener\">Ceyz\u00e9riat<\/a><\/td><td><\/td><\/tr><\/tbody><\/table><\/figure>\n\n\n\n<h3 class=\"wp-block-heading\"><a href=\"https:\/\/prepasecu.fr\/tfp-aps\/mac-aps\/centres-formation\/allier\/\" target=\"_blank\" rel=\"noreferrer noopener\">MAC APS dans l&rsquo;Allier (03) \u2192<\/a><\/h3>\n\n\n\n<figure class=\"wp-block-table\"><table><tbody><tr><td><a href=\"https:\/\/prepasecu.fr\/tfp-aps\/mac-aps\/centres-formation\/allier\/desertines\/\" target=\"_blank\" rel=\"noreferrer noopener\">Desertines<\/a><\/td><td><\/td><\/tr><\/tbody><\/table><\/figure>\n\n\n\n<h3 class=\"wp-block-heading\"><a href=\"https:\/\/prepasecu.fr\/tfp-aps\/mac-aps\/centres-formation\/ardeche\/\" target=\"_blank\" rel=\"noreferrer noopener\">MAC APS en Ard\u00e8che (07) \u2192<\/a><\/h3>\n\n\n\n<figure class=\"wp-block-table\"><table><tbody><tr><td><a href=\"https:\/\/prepasecu.fr\/tfp-aps\/mac-aps\/centres-formation\/ardeche\/le-teil\/\" target=\"_blank\" rel=\"noreferrer noopener\">Le Teil<\/a><\/td><td><\/td><\/tr><\/tbody><\/table><\/figure>\n\n\n\n<h3 class=\"wp-block-heading\"><a href=\"https:\/\/prepasecu.fr\/tfp-aps\/mac-aps\/centres-formation\/drome\/\" target=\"_blank\" rel=\"noreferrer noopener\">MAC APS dans la Dr\u00f4me (26) \u2192<\/a><\/h3>\n\n\n\n<figure class=\"wp-block-table\"><table><tbody><tr><td><a href=\"https:\/\/prepasecu.fr\/tfp-aps\/mac-aps\/centres-formation\/drome\/portes-les-valence\/\" target=\"_blank\" rel=\"noreferrer noopener\">Portes-l\u00e8s-Valence<\/a><\/td><td><\/td><\/tr><\/tbody><\/table><\/figure>\n\n\n\n<h3 class=\"wp-block-heading\"><a href=\"https:\/\/prepasecu.fr\/tfp-aps\/mac-aps\/centres-formation\/haute-savoie\/\" target=\"_blank\" rel=\"noreferrer noopener\">MAC APS en Haute-Savoie (74) \u2192<\/a><\/h3>\n\n\n\n<figure class=\"wp-block-table\"><table><tbody><tr><td><a href=\"https:\/\/prepasecu.fr\/tfp-aps\/mac-aps\/centres-formation\/haute-savoie\/annecy\/\" target=\"_blank\" rel=\"noreferrer noopener\">Annecy<\/a><\/td><td><\/td><\/tr><\/tbody><\/table><\/figure>\n\n\n\n<h3 class=\"wp-block-heading\"><a href=\"https:\/\/prepasecu.fr\/tfp-aps\/mac-aps\/centres-formation\/isere\/\" target=\"_blank\" rel=\"noreferrer noopener\">MAC APS dans l&rsquo;Is\u00e8re (38) \u2192<\/a><\/h3>\n\n\n\n<figure class=\"wp-block-table\"><table><tbody><tr><td><a href=\"https:\/\/prepasecu.fr\/tfp-aps\/mac-aps\/centres-formation\/isere\/grenoble\/\" target=\"_blank\" rel=\"noreferrer noopener\">Grenoble<\/a><\/td><td><a href=\"https:\/\/prepasecu.fr\/tfp-aps\/mac-aps\/centres-formation\/isere\/la-frette\/\" target=\"_blank\" rel=\"noreferrer noopener\"> La Frette<\/a><\/td><\/tr><tr><td><a href=\"https:\/\/prepasecu.fr\/tfp-aps\/mac-aps\/centres-formation\/isere\/saint-etienne-de-saint-geoirs\/\" target=\"_blank\" rel=\"noreferrer noopener\">Saint-\u00c9tienne-de-Saint-Geoirs<\/a><\/td><td><a href=\"https:\/\/prepasecu.fr\/tfp-aps\/mac-aps\/centres-formation\/isere\/saint-martin-le-vinoux\/\" target=\"_blank\" rel=\"noreferrer noopener\"> Saint-Martin-le-Vinoux<\/a><\/td><\/tr><tr><td><a href=\"https:\/\/prepasecu.fr\/tfp-aps\/mac-aps\/centres-formation\/isere\/sassenage\/\" target=\"_blank\" rel=\"noreferrer noopener\">Sassenage<\/a><\/td><td><\/td><\/tr><\/tbody><\/table><\/figure>\n\n\n\n<h3 class=\"wp-block-heading\"><a href=\"https:\/\/prepasecu.fr\/tfp-aps\/mac-aps\/centres-formation\/loire\/\" target=\"_blank\" rel=\"noreferrer noopener\">MAC APS dans la Loire (42) \u2192<\/a><\/h3>\n\n\n\n<figure class=\"wp-block-table\"><table><tbody><tr><td><a href=\"https:\/\/prepasecu.fr\/tfp-aps\/mac-aps\/centres-formation\/loire\/saint-etienne\/\" target=\"_blank\" rel=\"noreferrer noopener\">Saint-\u00c9tienne<\/a><\/td><td><a href=\"https:\/\/prepasecu.fr\/tfp-aps\/mac-aps\/centres-formation\/loire\/roanne\/\" target=\"_blank\" rel=\"noreferrer noopener\">Roanne<\/a><\/td><\/tr><tr><td><a href=\"https:\/\/prepasecu.fr\/tfp-aps\/mac-aps\/centres-formation\/loire\/saint-priest-en-jarez\/\" target=\"_blank\" rel=\"noreferrer noopener\">Saint-Priest-en-Jarez<\/a><\/td><td><\/td><\/tr><\/tbody><\/table><\/figure>\n\n\n\n<h3 class=\"wp-block-heading\"><a href=\"https:\/\/prepasecu.fr\/tfp-aps\/mac-aps\/centres-formation\/puy-de-dome\/\" target=\"_blank\" rel=\"noreferrer noopener\">MAC APS dans le Puy-de-D\u00f4me (63) \u2192<\/a><\/h3>\n\n\n\n<figure class=\"wp-block-table\"><table><tbody><tr><td><a href=\"https:\/\/prepasecu.fr\/tfp-aps\/mac-aps\/centres-formation\/puy-de-dome\/saint-gervais-dauvergne\/\" target=\"_blank\" rel=\"noreferrer noopener\">Saint-Gervais-d&rsquo;Auvergne<\/a><\/td><td><\/td><\/tr><\/tbody><\/table><\/figure>\n\n\n\n<h3 class=\"wp-block-heading\"><a href=\"https:\/\/prepasecu.fr\/tfp-aps\/mac-aps\/centres-formation\/rhone\/\" target=\"_blank\" rel=\"noreferrer noopener\">MAC APS dans le Rh\u00f4ne (69) \u2192<\/a><\/h3>\n\n\n\n<figure class=\"wp-block-table\"><table><tbody><tr><td><a href=\"https:\/\/prepasecu.fr\/tfp-aps\/mac-aps\/centres-formation\/rhone\/lyon\/\" target=\"_blank\" rel=\"noreferrer noopener\">Lyon<\/a><\/td><td><a href=\"https:\/\/prepasecu.fr\/tfp-aps\/mac-aps\/centres-formation\/rhone\/bron\/\" target=\"_blank\" rel=\"noreferrer noopener\">Bron<\/a><\/td><\/tr><tr><td><a href=\"https:\/\/prepasecu.fr\/tfp-aps\/mac-aps\/centres-formation\/rhone\/caluire-et-cuire\/\" target=\"_blank\" rel=\"noreferrer noopener\">Caluire-et-Cuire<\/a><\/td><td><a href=\"https:\/\/prepasecu.fr\/tfp-aps\/mac-aps\/centres-formation\/rhone\/meyzieu\/\" target=\"_blank\" rel=\"noreferrer noopener\">Meyzieu<\/a><\/td><\/tr><tr><td><a href=\"https:\/\/prepasecu.fr\/tfp-aps\/mac-aps\/centres-formation\/rhone\/oullins\/\" target=\"_blank\" rel=\"noreferrer noopener\">Oullins<\/a><\/td><td><a href=\"https:\/\/prepasecu.fr\/tfp-aps\/mac-aps\/centres-formation\/rhone\/pusignan\/\" target=\"_blank\" rel=\"noreferrer noopener\">Pusignan<\/a><\/td><\/tr><tr><td><a href=\"https:\/\/prepasecu.fr\/tfp-aps\/mac-aps\/centres-formation\/rhone\/solaize\/\" target=\"_blank\" rel=\"noreferrer noopener\">Solaize<\/a><\/td><td><a href=\"https:\/\/prepasecu.fr\/tfp-aps\/mac-aps\/centres-formation\/rhone\/venissieux\/\" target=\"_blank\" rel=\"noreferrer noopener\">Venissieux<\/a><\/td><\/tr><tr><td><a href=\"https:\/\/prepasecu.fr\/tfp-aps\/mac-aps\/centres-formation\/rhone\/villeurbanne\/\" target=\"_blank\" rel=\"noreferrer noopener\">Villeurbanne<\/a><\/td><td><\/td><\/tr><\/tbody><\/table><\/figure>\n\n\n\n<h3 class=\"wp-block-heading\"><a href=\"https:\/\/prepasecu.fr\/tfp-aps\/mac-aps\/centres-formation\/savoie\/\" target=\"_blank\" rel=\"noreferrer noopener\">MAC APS en Savoie (73) \u2192<\/a><\/h3>\n\n\n\n<figure class=\"wp-block-table\"><table><tbody><tr><td><a href=\"https:\/\/prepasecu.fr\/tfp-aps\/mac-aps\/centres-formation\/savoie\/chambery\/\" target=\"_blank\" rel=\"noreferrer noopener\">Chamb\u00e9ry<\/a><\/td><td><\/td><\/tr><\/tbody><\/table><\/figure>\n\n\n\n<h2 class=\"wp-block-heading\">MAC APS en Bourgogne-Franche-Comt\u00e9<\/h2>\n\n\n\n<h3 class=\"wp-block-heading\"><a href=\"https:\/\/prepasecu.fr\/tfp-aps\/mac-aps\/centres-formation\/cote-dor\/\" target=\"_blank\" rel=\"noreferrer noopener\">MAC APS en C\u00f4te-d&rsquo;Or (21) \u2192<\/a><\/h3>\n\n\n\n<figure class=\"wp-block-table\"><table><tbody><tr><td><a href=\"https:\/\/prepasecu.fr\/tfp-aps\/mac-aps\/centres-formation\/cote-dor\/dijon\/\" target=\"_blank\" rel=\"noreferrer noopener\">Dijon<\/a><\/td><td><\/td><\/tr><\/tbody><\/table><\/figure>\n\n\n\n<h3 class=\"wp-block-heading\"><a href=\"https:\/\/prepasecu.fr\/tfp-aps\/mac-aps\/centres-formation\/nievre\/\" target=\"_blank\" rel=\"noreferrer noopener\">MAC APS dans la Ni\u00e8vre (58) \u2192<\/a><\/h3>\n\n\n\n<figure class=\"wp-block-table\"><table><tbody><tr><td><a href=\"https:\/\/prepasecu.fr\/tfp-aps\/mac-aps\/centres-formation\/nievre\/nevers\/\" target=\"_blank\" rel=\"noreferrer noopener\">Nevers<\/a><\/td><td><\/td><\/tr><\/tbody><\/table><\/figure>\n\n\n\n<h3 class=\"wp-block-heading\"><a href=\"https:\/\/prepasecu.fr\/tfp-aps\/mac-aps\/centres-formation\/saone-et-loire\/\" target=\"_blank\" rel=\"noreferrer noopener\">MAC APS en Sa\u00f4ne-et-Loire (71) \u2192<\/a><\/h3>\n\n\n\n<figure class=\"wp-block-table\"><table><tbody><tr><td><a href=\"https:\/\/prepasecu.fr\/tfp-aps\/mac-aps\/centres-formation\/saone-et-loire\/macon\/\" target=\"_blank\" rel=\"noreferrer noopener\">Macon<\/a><\/td><td><a href=\"https:\/\/prepasecu.fr\/tfp-aps\/mac-aps\/centres-formation\/saone-et-loire\/digoin\/\" target=\"_blank\" rel=\"noreferrer noopener\">Digoin<\/a><\/td><\/tr><\/tbody><\/table><\/figure>\n\n\n\n<h3 class=\"wp-block-heading\"><a href=\"https:\/\/prepasecu.fr\/tfp-aps\/mac-aps\/centres-formation\/yonne\/\" target=\"_blank\" rel=\"noreferrer noopener\">MAC APS dans l&rsquo;Yonne (89) \u2192<\/a><\/h3>\n\n\n\n<figure class=\"wp-block-table\"><table><tbody><tr><td><a href=\"https:\/\/prepasecu.fr\/tfp-aps\/mac-aps\/centres-formation\/yonne\/auxerre\/\" target=\"_blank\" rel=\"noreferrer noopener\">Auxerre<\/a><\/td><td><a href=\"https:\/\/prepasecu.fr\/tfp-aps\/mac-aps\/centres-formation\/yonne\/sens\/\" target=\"_blank\" rel=\"noreferrer noopener\">Sens<\/a><\/td><\/tr><\/tbody><\/table><\/figure>\n\n\n\n<h2 class=\"wp-block-heading\">MAC APS en Bretagne<\/h2>\n\n\n\n<h3 class=\"wp-block-heading\"><a href=\"https:\/\/prepasecu.fr\/tfp-aps\/mac-aps\/centres-formation\/finistere\/\" target=\"_blank\" rel=\"noreferrer noopener\">MAC APS dans le Finist\u00e8re (29) \u2192<\/a><\/h3>\n\n\n\n<figure class=\"wp-block-table\"><table><tbody><tr><td><a href=\"https:\/\/prepasecu.fr\/tfp-aps\/mac-aps\/centres-formation\/finistere\/gouesnou\/\" target=\"_blank\" rel=\"noreferrer noopener\">Gouesnou<\/a><\/td><td><\/td><\/tr><\/tbody><\/table><\/figure>\n\n\n\n<h3 class=\"wp-block-heading\"><a href=\"https:\/\/prepasecu.fr\/tfp-aps\/mac-aps\/centres-formation\/ille-et-vilaine\/\" target=\"_blank\" rel=\"noreferrer noopener\">MAC APS en Ille-et-Vilaine (35) \u2192<\/a><\/h3>\n\n\n\n<figure class=\"wp-block-table\"><table><tbody><tr><td><a href=\"https:\/\/prepasecu.fr\/tfp-aps\/mac-aps\/centres-formation\/ille-et-vilaine\/chantepie\/\" target=\"_blank\" rel=\"noreferrer noopener\">Chantepie<\/a><\/td><td><a href=\"https:\/\/prepasecu.fr\/tfp-aps\/mac-aps\/centres-formation\/ille-et-vilaine\/cesson-sevigne\/\" target=\"_blank\" rel=\"noreferrer noopener\">Cesson-S\u00e9vign\u00e9<\/a><\/td><\/tr><\/tbody><\/table><\/figure>\n\n\n\n<h3 class=\"wp-block-heading\"><a href=\"https:\/\/prepasecu.fr\/tfp-aps\/mac-aps\/centres-formation\/morbihan\/\" target=\"_blank\" rel=\"noreferrer noopener\">MAC APS dans le Morbihan (56) \u2192<\/a><\/h3>\n\n\n\n<figure class=\"wp-block-table\"><table><tbody><tr><td><a href=\"https:\/\/prepasecu.fr\/tfp-aps\/mac-aps\/centres-formation\/morbihan\/lorient\/\" target=\"_blank\" rel=\"noreferrer noopener\">Lorient<\/a><\/td><td><a href=\"https:\/\/prepasecu.fr\/tfp-aps\/mac-aps\/centres-formation\/morbihan\/ploemeur\/\" target=\"_blank\" rel=\"noreferrer noopener\">Ploemeur<\/a><\/td><\/tr><\/tbody><\/table><\/figure>\n\n\n\n<h2 class=\"wp-block-heading\">MAC APS en Centre-Val de Loire<\/h2>\n\n\n\n<div class=\"wp-block-columns is-layout-flex wp-container-core-columns-is-layout-6 wp-block-columns-is-layout-flex\">\n<div class=\"wp-block-column is-layout-flow wp-block-column-is-layout-flow\" style=\"flex-basis:100%\">\n<h3 class=\"wp-block-heading\"><a href=\"https:\/\/prepasecu.fr\/tfp-aps\/mac-aps\/centres-formation\/cher\/\" target=\"_blank\" rel=\"noreferrer noopener\">MAC APS dans le Cher (18) \u2192<\/a><\/h3>\n\n\n\n<div class=\"wp-block-columns is-layout-flex wp-container-core-columns-is-layout-1 wp-block-columns-is-layout-flex\">\n<div class=\"wp-block-column is-layout-flow wp-block-column-is-layout-flow\" style=\"flex-basis:100%\">\n<figure class=\"wp-block-table\"><table><tbody><tr><td><a href=\"https:\/\/prepasecu.fr\/tfp-aps\/mac-aps\/centres-formation\/cher\/saint-doulchard\/\" target=\"_blank\" rel=\"noreferrer noopener\">Saint-Doulchard<\/a><\/td><td><\/td><\/tr><\/tbody><\/table><\/figure>\n<\/div>\n<\/div>\n\n\n\n<h3 class=\"wp-block-heading\"><a href=\"https:\/\/prepasecu.fr\/tfp-aps\/mac-aps\/centres-formation\/eure-et-loire\/\" target=\"_blank\" rel=\"noreferrer noopener\">MAC APS en Eure-et-Loire (28) \u2192<\/a><\/h3>\n\n\n\n<div class=\"wp-block-columns is-layout-flex wp-container-core-columns-is-layout-4 wp-block-columns-is-layout-flex\">\n<div class=\"wp-block-column is-layout-flow wp-block-column-is-layout-flow\" style=\"flex-basis:100%\">\n<figure class=\"wp-block-table\"><table><tbody><tr><td><a href=\"https:\/\/prepasecu.fr\/tfp-aps\/mac-aps\/centres-formation\/eure-et-loire\/dreux\/\" target=\"_blank\" rel=\"noreferrer noopener\">Dreux<\/a><\/td><td><\/td><\/tr><\/tbody><\/table><\/figure>\n\n\n\n<h3 class=\"wp-block-heading\"><a href=\"https:\/\/prepasecu.fr\/tfp-aps\/mac-aps\/centres-formation\/indre\/\" target=\"_blank\" rel=\"noreferrer noopener\">MAC APS dans l&rsquo;Indre (36) \u2192<\/a><\/h3>\n\n\n\n<div class=\"wp-block-columns is-layout-flex wp-container-core-columns-is-layout-2 wp-block-columns-is-layout-flex\">\n<div class=\"wp-block-column is-layout-flow wp-block-column-is-layout-flow\" style=\"flex-basis:100%\">\n<figure class=\"wp-block-table\"><table><tbody><tr><td><a href=\"https:\/\/prepasecu.fr\/tfp-aps\/mac-aps\/centres-formation\/indre\/chateauroux\/\" target=\"_blank\" rel=\"noreferrer noopener\">Ch\u00e2teauroux<\/a><\/td><td><\/td><\/tr><\/tbody><\/table><\/figure>\n\n\n\n<p><\/p>\n<\/div>\n<\/div>\n\n\n\n<h3 class=\"wp-block-heading\"><a href=\"https:\/\/prepasecu.fr\/tfp-aps\/mac-aps\/centres-formation\/indre-et-loire\/\" target=\"_blank\" rel=\"noreferrer noopener\">MAC APS dans l&rsquo;Indre-et-Loire (36) \u2192<\/a><\/h3>\n\n\n\n<div class=\"wp-block-columns is-layout-flex wp-container-core-columns-is-layout-3 wp-block-columns-is-layout-flex\">\n<div class=\"wp-block-column is-layout-flow wp-block-column-is-layout-flow\" style=\"flex-basis:100%\">\n<figure class=\"wp-block-table\"><table><tbody><tr><td><a href=\"https:\/\/prepasecu.fr\/tfp-aps\/mac-aps\/centres-formation\/indre-et-loire\/joue-les-tours\/\" target=\"_blank\" rel=\"noreferrer noopener\">Jou\u00e9-l\u00e8s-Tours<\/a><\/td><td><a href=\"https:\/\/prepasecu.fr\/tfp-aps\/mac-aps\/centres-formation\/indre-et-loire\/parcais-meslay\/\" target=\"_blank\" rel=\"noreferrer noopener\">Par\u00e7ais-Meslay<\/a><\/td><\/tr><tr><td><a href=\"https:\/\/prepasecu.fr\/tfp-aps\/mac-aps\/centres-formation\/indre-et-loire\/saint-avertin\/\" target=\"_blank\" rel=\"noreferrer noopener\">Saint-Avertin<\/a><\/td><td><a href=\"https:\/\/prepasecu.fr\/tfp-aps\/mac-aps\/centres-formation\/indre-et-loire\/veigne\/\" target=\"_blank\" rel=\"noreferrer noopener\">Veigne<\/a><\/td><\/tr><\/tbody><\/table><\/figure>\n<\/div>\n<\/div>\n<\/div>\n<\/div>\n\n\n\n<h3 class=\"wp-block-heading\"><a href=\"https:\/\/prepasecu.fr\/tfp-aps\/mac-aps\/centres-formation\/loiret\/\" target=\"_blank\" rel=\"noreferrer noopener\">MAC APS dans le Loiret (45) \u2192<\/a><\/h3>\n\n\n\n<div class=\"wp-block-columns is-layout-flex wp-container-core-columns-is-layout-5 wp-block-columns-is-layout-flex\">\n<div class=\"wp-block-column is-layout-flow wp-block-column-is-layout-flow\" style=\"flex-basis:100%\">\n<figure class=\"wp-block-table\"><table><tbody><tr><td><a href=\"https:\/\/prepasecu.fr\/tfp-aps\/mac-aps\/centres-formation\/loiret\/saran\/\" target=\"_blank\" rel=\"noreferrer noopener\">Saran<\/a><\/td><td><\/td><\/tr><\/tbody><\/table><\/figure>\n<\/div>\n<\/div>\n<\/div>\n<\/div>\n\n\n\n<h2 class=\"wp-block-heading\">MAC APS en Corse<\/h2>\n\n\n\n<h3 class=\"wp-block-heading\"><a href=\"https:\/\/prepasecu.fr\/tfp-aps\/mac-aps\/centres-formation\/corse\/\" target=\"_blank\" rel=\"noreferrer noopener\">MAC APS en Corse (20) \u2192<\/a><\/h3>\n\n\n\n<figure class=\"wp-block-table\"><table><tbody><tr><td><a href=\"https:\/\/prepasecu.fr\/tfp-aps\/mac-aps\/centres-formation\/corse\/ajaccio\/\" target=\"_blank\" rel=\"noreferrer noopener\">Ajaccio<\/a><\/td><td><a href=\"https:\/\/prepasecu.fr\/tfp-aps\/mac-aps\/centres-formation\/corse\/lucciana\/\" target=\"_blank\" rel=\"noreferrer noopener\">Lucciana<\/a><\/td><\/tr><\/tbody><\/table><\/figure>\n\n\n\n<h2 class=\"wp-block-heading\">MAC APS dans le Grand Est<\/h2>\n\n\n\n<h3 class=\"wp-block-heading\"><a href=\"https:\/\/prepasecu.fr\/tfp-aps\/mac-aps\/centres-formation\/bas-rhin\/\" target=\"_blank\" rel=\"noreferrer noopener\">MAC APS dans le Bas-Rhin (67) \u2192<\/a><\/h3>\n\n\n\n<figure class=\"wp-block-table\"><table><tbody><tr><td><a href=\"https:\/\/prepasecu.fr\/tfp-aps\/mac-aps\/centres-formation\/bas-rhin\/strasbourg\/\" target=\"_blank\" rel=\"noreferrer noopener\">Strasbourg<\/a><\/td><td><a href=\"https:\/\/prepasecu.fr\/tfp-aps\/mac-aps\/centres-formation\/bas-rhin\/saverne\/\" target=\"_blank\" rel=\"noreferrer noopener\">Saverne<\/a><\/td><\/tr><\/tbody><\/table><\/figure>\n\n\n\n<h3 class=\"wp-block-heading\"><a href=\"https:\/\/prepasecu.fr\/tfp-aps\/mac-aps\/centres-formation\/haut-rhin\/\" target=\"_blank\" rel=\"noreferrer noopener\">MAC APS dans le Haut-Rhin (68) \u2192<\/a><\/h3>\n\n\n\n<figure class=\"wp-block-table\"><table><tbody><tr><td><a href=\"https:\/\/prepasecu.fr\/tfp-aps\/mac-aps\/centres-formation\/haut-rhin\/mulhouse\/\" target=\"_blank\" rel=\"noreferrer noopener\">Mulhouse<\/a><\/td><td><a href=\"https:\/\/prepasecu.fr\/tfp-aps\/mac-aps\/centres-formation\/haut-rhin\/saint-louis\/\" target=\"_blank\" rel=\"noreferrer noopener\">Saint-Louis<\/a><\/td><\/tr><\/tbody><\/table><\/figure>\n\n\n\n<h3 class=\"wp-block-heading\"><a href=\"https:\/\/prepasecu.fr\/tfp-aps\/mac-aps\/centres-formation\/marne\/\" target=\"_blank\" rel=\"noreferrer noopener\">MAC APS dans la Marne (52) \u2192<\/a><\/h3>\n\n\n\n<figure class=\"wp-block-table\"><table><tbody><tr><td><a href=\"https:\/\/prepasecu.fr\/tfp-aps\/mac-aps\/centres-formation\/marne\/marolles\/\" target=\"_blank\" rel=\"noreferrer noopener\">Marolles<\/a><\/td><td><a href=\"https:\/\/prepasecu.fr\/tfp-aps\/mac-aps\/centres-formation\/marne\/reims\/\" target=\"_blank\" rel=\"noreferrer noopener\">Reims<\/a><\/td><\/tr><\/tbody><\/table><\/figure>\n\n\n\n<h3 class=\"wp-block-heading\"><a href=\"https:\/\/prepasecu.fr\/tfp-aps\/mac-aps\/centres-formation\/meurthe-et-moselle\/\" target=\"_blank\" rel=\"noreferrer noopener\">MAC APS en Meurthe-et-Moselle (54) \u2192<\/a><\/h3>\n\n\n\n<figure class=\"wp-block-table\"><table><tbody><tr><td><a href=\"https:\/\/prepasecu.fr\/tfp-aps\/mac-aps\/centres-formation\/meurthe-et-moselle\/liverdun\/\" target=\"_blank\" rel=\"noreferrer noopener\">Liverdun<\/a><\/td><td><a href=\"https:\/\/prepasecu.fr\/tfp-aps\/mac-aps\/centres-formation\/meurthe-et-moselle\/villers-les-nancy\/\" target=\"_blank\" rel=\"noreferrer noopener\">Villiers-les-Nancy<\/a><\/td><\/tr><\/tbody><\/table><\/figure>\n\n\n\n<h3 class=\"wp-block-heading\"><a href=\"https:\/\/prepasecu.fr\/tfp-aps\/mac-aps\/centres-formation\/moselle\/\" target=\"_blank\" rel=\"noreferrer noopener\">MAC APS en Moselle (57) \u2192<\/a><\/h3>\n\n\n\n<figure class=\"wp-block-table\"><table><tbody><tr><td><a href=\"https:\/\/prepasecu.fr\/tfp-aps\/mac-aps\/centres-formation\/moselle\/metz\/\" target=\"_blank\" rel=\"noreferrer noopener\">Metz<\/a><\/td><td><a href=\"https:\/\/prepasecu.fr\/tfp-aps\/mac-aps\/centres-formation\/moselle\/hagondange\/\" target=\"_blank\" rel=\"noreferrer noopener\">Hagondange<\/a><\/td><\/tr><tr><td><a href=\"https:\/\/prepasecu.fr\/tfp-aps\/mac-aps\/centres-formation\/moselle\/yutz\/\" target=\"_blank\" rel=\"noreferrer noopener\">Yutz<\/a><\/td><td><\/td><\/tr><\/tbody><\/table><\/figure>\n\n\n\n<h3 class=\"wp-block-heading\"><a href=\"https:\/\/prepasecu.fr\/tfp-aps\/mac-aps\/centres-formation\/vosges\/\" target=\"_blank\" rel=\"noreferrer noopener\">MAC APS dans les Vosges (88) \u2192<\/a><\/h3>\n\n\n\n<figure class=\"wp-block-table\"><table><tbody><tr><td><a href=\"https:\/\/prepasecu.fr\/tfp-aps\/mac-aps\/centres-formation\/vosges\/bruyeres\/\" target=\"_blank\" rel=\"noreferrer noopener\">Bruy\u00e8res<\/a><\/td><td><\/td><\/tr><\/tbody><\/table><\/figure>\n\n\n\n<h2 class=\"wp-block-heading\">MAC APS en Guadeloupe<\/h2>\n\n\n\n<h3 class=\"wp-block-heading\"><a href=\"https:\/\/prepasecu.fr\/tfp-aps\/mac-aps\/centres-formation\/guadeloupe\/\" target=\"_blank\" rel=\"noreferrer noopener\">MAC APS en Guadeloupe (971) \u2192<\/a><\/h3>\n\n\n\n<figure class=\"wp-block-table\"><table><tbody><tr><td><a href=\"https:\/\/prepasecu.fr\/tfp-aps\/mac-aps\/centres-formation\/guadeloupe\/baie-mahault\/\" target=\"_blank\" rel=\"noreferrer noopener\">Baie-Mahault<\/a><\/td><td><a href=\"https:\/\/prepasecu.fr\/tfp-aps\/mac-aps\/centres-formation\/guadeloupe\/les-abymes\/\" target=\"_blank\" rel=\"noreferrer noopener\">Les Abymes<\/a><\/td><\/tr><\/tbody><\/table><\/figure>\n\n\n\n<h2 class=\"wp-block-heading\">MAC APS en Guyane<\/h2>\n\n\n\n<h3 class=\"wp-block-heading\"><a href=\"https:\/\/prepasecu.fr\/tfp-aps\/mac-aps\/centres-formation\/guyane\/\" target=\"_blank\" rel=\"noreferrer noopener\">MAC APS en Guyane (973) \u2192<\/a><\/h3>\n\n\n\n<figure class=\"wp-block-table\"><table><tbody><tr><td><a href=\"https:\/\/prepasecu.fr\/tfp-aps\/mac-aps\/centres-formation\/guyane\/kourou\/\" target=\"_blank\" rel=\"noreferrer noopener\">Kourou<\/a><\/td><td><a href=\"https:\/\/prepasecu.fr\/tfp-aps\/mac-aps\/centres-formation\/guyane\/mana\/\" target=\"_blank\" rel=\"noreferrer noopener\">Mana<\/a><\/td><\/tr><tr><td><a href=\"https:\/\/prepasecu.fr\/tfp-aps\/mac-aps\/centres-formation\/guyane\/matoury\/\" target=\"_blank\" rel=\"noreferrer noopener\">Matoury<\/a><\/td><td><a href=\"https:\/\/prepasecu.fr\/tfp-aps\/mac-aps\/centres-formation\/guyane\/remire-montjoly\/\" target=\"_blank\" rel=\"noreferrer noopener\">Remire-Montjoly<\/a><\/td><\/tr><\/tbody><\/table><\/figure>\n\n\n\n<h2 class=\"wp-block-heading\">MAC APS dans les Hauts-de-France<\/h2>\n\n\n\n<h3 class=\"wp-block-heading\"><a href=\"https:\/\/prepasecu.fr\/tfp-aps\/mac-aps\/centres-formation\/aisne\/\" target=\"_blank\" rel=\"noreferrer noopener\">MAC APS dans l&rsquo;Aisne (02) \u2192<\/a><\/h3>\n\n\n\n<figure class=\"wp-block-table\"><table><tbody><tr><td><a href=\"https:\/\/prepasecu.fr\/tfp-aps\/mac-aps\/centres-formation\/aisne\/vervins\/\" target=\"_blank\" rel=\"noreferrer noopener\">Vervins<\/a><\/td><td><\/td><\/tr><\/tbody><\/table><\/figure>\n\n\n\n<h3 class=\"wp-block-heading\"><a href=\"https:\/\/prepasecu.fr\/tfp-aps\/mac-aps\/centres-formation\/nord\/\" target=\"_blank\" rel=\"noreferrer noopener\">MAC APS dans le Nord (59) \u2192<\/a><\/h3>\n\n\n\n<figure class=\"wp-block-table\"><table><tbody><tr><td><a href=\"https:\/\/prepasecu.fr\/tfp-aps\/mac-aps\/centres-formation\/nord\/dunkerque\/\" target=\"_blank\" rel=\"noreferrer noopener\">Dunkerque<\/a><\/td><td><a href=\"https:\/\/prepasecu.fr\/tfp-aps\/mac-aps\/centres-formation\/nord\/lille\/\" target=\"_blank\" rel=\"noreferrer noopener\">Lille<\/a><\/td><\/tr><tr><td><a href=\"https:\/\/prepasecu.fr\/tfp-aps\/mac-aps\/centres-formation\/nord\/valenciennes\/\" target=\"_blank\" rel=\"noreferrer noopener\">Valenciennes<\/a><\/td><td><a href=\"https:\/\/prepasecu.fr\/tfp-aps\/mac-aps\/centres-formation\/nord\/villeneuve-dascq\/\" target=\"_blank\" rel=\"noreferrer noopener\">Villeneuve-d&rsquo;Ascq<\/a><\/td><\/tr><tr><td><a href=\"https:\/\/prepasecu.fr\/tfp-aps\/mac-aps\/centres-formation\/nord\/armentieres\/\" target=\"_blank\" rel=\"noreferrer noopener\">Armenti\u00e8res<\/a><\/td><td><a href=\"https:\/\/prepasecu.fr\/tfp-aps\/mac-aps\/centres-formation\/nord\/cambrai\/\" target=\"_blank\" rel=\"noreferrer noopener\">Cambrai<\/a><\/td><\/tr><tr><td><a href=\"https:\/\/prepasecu.fr\/tfp-aps\/mac-aps\/centres-formation\/nord\/croix\/\" target=\"_blank\" rel=\"noreferrer noopener\">Croix<\/a><\/td><td><a href=\"https:\/\/prepasecu.fr\/tfp-aps\/mac-aps\/centres-formation\/nord\/douai\/\" target=\"_blank\" rel=\"noreferrer noopener\">Douai<\/a><\/td><\/tr><tr><td><a href=\"https:\/\/prepasecu.fr\/tfp-aps\/mac-aps\/centres-formation\/nord\/hem\/\" target=\"_blank\" rel=\"noreferrer noopener\">Hem<\/a><\/td><td><a href=\"https:\/\/prepasecu.fr\/tfp-aps\/mac-aps\/centres-formation\/nord\/la-chapelle-darmentieres\/\" target=\"_blank\" rel=\"noreferrer noopener\">La Chapelle-d&rsquo;Armenti\u00e8res<\/a><\/td><\/tr><tr><td><a href=\"https:\/\/prepasecu.fr\/tfp-aps\/mac-aps\/centres-formation\/nord\/rousies\/\" target=\"_blank\" rel=\"noreferrer noopener\">Rousies<\/a><\/td><td><a href=\"https:\/\/prepasecu.fr\/tfp-aps\/mac-aps\/centres-formation\/nord\/seclin\/\" target=\"_blank\" rel=\"noreferrer noopener\">Seclin<\/a><\/td><\/tr><tr><td><a href=\"https:\/\/prepasecu.fr\/tfp-aps\/mac-aps\/centres-formation\/nord\/templemars\/\" target=\"_blank\" rel=\"noreferrer noopener\">Templemars<\/a><\/td><td><a href=\"https:\/\/prepasecu.fr\/tfp-aps\/mac-aps\/centres-formation\/nord\/wasquehal\/\" target=\"_blank\" rel=\"noreferrer noopener\">Wasquehal<\/a><\/td><\/tr><tr><td><a href=\"https:\/\/prepasecu.fr\/tfp-aps\/mac-aps\/centres-formation\/nord\/wattignies\/\" target=\"_blank\" rel=\"noreferrer noopener\">Wattignies<\/a><\/td><td><\/td><\/tr><\/tbody><\/table><\/figure>\n\n\n\n<h3 class=\"wp-block-heading\"><a href=\"https:\/\/prepasecu.fr\/tfp-aps\/mac-aps\/centres-formation\/oise\/\" target=\"_blank\" rel=\"noreferrer noopener\">MAC APS dans l&rsquo;Oise (60) \u2192<\/a><\/h3>\n\n\n\n<figure class=\"wp-block-table\"><table><tbody><tr><td><a href=\"https:\/\/prepasecu.fr\/tfp-aps\/mac-aps\/centres-formation\/oise\/beauvais\/\" target=\"_blank\" rel=\"noreferrer noopener\">Beauvais<\/a><\/td><td><a href=\"https:\/\/prepasecu.fr\/tfp-aps\/mac-aps\/centres-formation\/oise\/le-plessis-belleville\/\" target=\"_blank\" rel=\"noreferrer noopener\">Le Plessis-Belleville<\/a><\/td><\/tr><tr><td><a href=\"https:\/\/prepasecu.fr\/tfp-aps\/mac-aps\/centres-formation\/oise\/marqueglise\/\" target=\"_blank\" rel=\"noreferrer noopener\">Marqueglise<\/a><\/td><td><a href=\"https:\/\/prepasecu.fr\/tfp-aps\/mac-aps\/centres-formation\/oise\/nogent-sur-oise\/\" target=\"_blank\" rel=\"noreferrer noopener\">Nogent-sur-Oise<\/a><\/td><\/tr><tr><td><a href=\"https:\/\/prepasecu.fr\/tfp-aps\/mac-aps\/centres-formation\/oise\/serifontaine\/\" target=\"_blank\" rel=\"noreferrer noopener\">S\u00e9rifontaine<\/a><\/td><td><\/td><\/tr><\/tbody><\/table><\/figure>\n\n\n\n<h3 class=\"wp-block-heading\"><a href=\"https:\/\/prepasecu.fr\/tfp-aps\/mac-aps\/centres-formation\/pas-de-calais\/\" target=\"_blank\" rel=\"noreferrer noopener\">MAC APS dans le Pas-de-Calais (62) \u2192<\/a><\/h3>\n\n\n\n<figure class=\"wp-block-table\"><table><tbody><tr><td><a href=\"https:\/\/prepasecu.fr\/tfp-aps\/mac-aps\/centres-formation\/pas-de-calais\/clermont-ferrand\/\" target=\"_blank\" rel=\"noreferrer noopener\">Clermont-Ferrand<\/a><\/td><td><a href=\"https:\/\/prepasecu.fr\/tfp-aps\/mac-aps\/centres-formation\/pas-de-calais\/lens\/\">Lens<\/a><\/td><\/tr><tr><td><a href=\"https:\/\/prepasecu.fr\/tfp-aps\/mac-aps\/centres-formation\/pas-de-calais\/arras\/\" target=\"_blank\" rel=\"noreferrer noopener\">Arras<\/a><\/td><td><a href=\"https:\/\/prepasecu.fr\/tfp-aps\/mac-aps\/centres-formation\/pas-de-calais\/bethune\/\" target=\"_blank\" rel=\"noreferrer noopener\">B\u00e9thune<\/a><\/td><\/tr><tr><td><a href=\"https:\/\/prepasecu.fr\/tfp-aps\/mac-aps\/centres-formation\/pas-de-calais\/beaurainville\/\" target=\"_blank\" rel=\"noreferrer noopener\">Beaurainville<\/a><\/td><td><a href=\"https:\/\/prepasecu.fr\/tfp-aps\/mac-aps\/centres-formation\/pas-de-calais\/calais\/\" target=\"_blank\" rel=\"noreferrer noopener\">Calais<\/a><\/td><\/tr><tr><td><a href=\"https:\/\/prepasecu.fr\/tfp-aps\/mac-aps\/centres-formation\/pas-de-calais\/etaples\/\" target=\"_blank\" rel=\"noreferrer noopener\">\u00c9taples<\/a><\/td><td><a href=\"https:\/\/prepasecu.fr\/tfp-aps\/mac-aps\/centres-formation\/pas-de-calais\/guines\/\" target=\"_blank\" rel=\"noreferrer noopener\">Guines<\/a><\/td><\/tr><tr><td><a href=\"https:\/\/prepasecu.fr\/tfp-aps\/mac-aps\/centres-formation\/pas-de-calais\/saint-laurent-blangy\/\" target=\"_blank\" rel=\"noreferrer noopener\">Saint-Laurent-Blagny<\/a><\/td><td><a href=\"https:\/\/prepasecu.fr\/tfp-aps\/mac-aps\/centres-formation\/pas-de-calais\/saint-omer\/\" target=\"_blank\" rel=\"noreferrer noopener\">Saint-Omer<\/a><\/td><\/tr><tr><td><a href=\"https:\/\/prepasecu.fr\/tfp-aps\/mac-aps\/centres-formation\/pas-de-calais\/wimereux\/\" target=\"_blank\" rel=\"noreferrer noopener\">Wimereux<\/a><\/td><td><\/td><\/tr><\/tbody><\/table><\/figure>\n\n\n\n<h3 class=\"wp-block-heading\"><a href=\"https:\/\/prepasecu.fr\/tfp-aps\/mac-aps\/centres-formation\/somme\/\" target=\"_blank\" rel=\"noreferrer noopener\">MAC APS dans la Somme (80) \u2192<\/a><\/h3>\n\n\n\n<figure class=\"wp-block-table\"><table><tbody><tr><td><a href=\"https:\/\/prepasecu.fr\/tfp-aps\/mac-aps\/centres-formation\/somme\/amiens\/\" target=\"_blank\" rel=\"noreferrer noopener\">Amiens<\/a><\/td><td><\/td><\/tr><\/tbody><\/table><\/figure>\n\n\n\n<h2 class=\"wp-block-heading\">MAC APS en \u00cele-de-France<\/h2>\n\n\n\n<h3 class=\"wp-block-heading\"><a href=\"https:\/\/prepasecu.fr\/tfp-aps\/mac-aps\/centres-formation\/essonne\/\" target=\"_blank\" rel=\"noreferrer noopener\" title=\"https:\/\/prepasecu.fr\/tfp-aps\/mac-aps\/centres-formation\/essonne\/\">MAC APS en Essonne (91) \u2192<\/a><\/h3>\n\n\n\n<figure class=\"wp-block-table\"><table><tbody><tr><td><a href=\"https:\/\/prepasecu.fr\/tfp-aps\/mac-aps\/centres-formation\/essonne\/evry-courcouronnes\/\" target=\"_blank\" rel=\"noreferrer noopener\">\u00c9vry-Courcouronnes<\/a><\/td><td><a href=\"https:\/\/prepasecu.fr\/tfp-aps\/mac-aps\/centres-formation\/essonne\/massy\/\" target=\"_blank\" rel=\"noreferrer noopener\">Massy<\/a><\/td><\/tr><tr><td><a href=\"https:\/\/prepasecu.fr\/tfp-aps\/mac-aps\/centres-formation\/essonne\/paray-vieille-poste\/\" target=\"_blank\" rel=\"noreferrer noopener\">Paray-Vieille-Poste<\/a><\/td><td><a href=\"https:\/\/prepasecu.fr\/tfp-aps\/mac-aps\/centres-formation\/essonne\/saint-michel-sur-orge\/\" target=\"_blank\" rel=\"noreferrer noopener\">Saint-Michel-sur-Orge<\/a><\/td><\/tr><\/tbody><\/table><\/figure>\n\n\n\n<h3 class=\"wp-block-heading\"><a href=\"https:\/\/prepasecu.fr\/tfp-aps\/mac-aps\/centres-formation\/hauts-de-seine\/\" target=\"_blank\" rel=\"noreferrer noopener\">MAC APS dans les Hauts-de-Seine (92) \u2192<\/a><\/h3>\n\n\n\n<figure class=\"wp-block-table\"><table><tbody><tr><td><a href=\"https:\/\/prepasecu.fr\/tfp-aps\/mac-aps\/centres-formation\/hauts-de-seine\/courbevoie\/\" target=\"_blank\" rel=\"noreferrer noopener\">Courbevoie<\/a><\/td><td><a href=\"https:\/\/prepasecu.fr\/tfp-aps\/mac-aps\/centres-formation\/hauts-de-seine\/clichy\/\" target=\"_blank\" rel=\"noreferrer noopener\" title=\"https:\/\/prepasecu.fr\/tfp-aps\/mac-aps\/centres-formation\/hauts-de-seine\/clichy\/\">Clichy<\/a><\/td><\/tr><tr><td><a href=\"https:\/\/prepasecu.fr\/tfp-aps\/mac-aps\/centres-formation\/hauts-de-seine\/colombes\/\" target=\"_blank\" rel=\"noreferrer noopener\">Colombes<\/a><\/td><td><a href=\"https:\/\/prepasecu.fr\/tfp-aps\/mac-aps\/centres-formation\/hauts-de-seine\/le-plessis-robinson\/\" target=\"_blank\" rel=\"noreferrer noopener\">Le Plessis-Robinson<\/a><\/td><\/tr><tr><td><a href=\"https:\/\/prepasecu.fr\/tfp-aps\/mac-aps\/centres-formation\/hauts-de-seine\/levallois-perret\/\" target=\"_blank\" rel=\"noreferrer noopener\">Levallois-Perret<\/a><\/td><td><a href=\"https:\/\/prepasecu.fr\/tfp-aps\/mac-aps\/centres-formation\/hauts-de-seine\/meudon\/\" target=\"_blank\" rel=\"noreferrer noopener\">Meudon<\/a><\/td><\/tr><tr><td><a href=\"https:\/\/prepasecu.fr\/tfp-aps\/mac-aps\/centres-formation\/hauts-de-seine\/nanterre\/\" target=\"_blank\" rel=\"noreferrer noopener\">Nanterre<\/a><\/td><td><a href=\"https:\/\/prepasecu.fr\/tfp-aps\/mac-aps\/centres-formation\/hauts-de-seine\/puteaux\/\">Puteaux<\/a><\/td><\/tr><\/tbody><\/table><\/figure>\n\n\n\n<h3 class=\"wp-block-heading\"><a href=\"https:\/\/prepasecu.fr\/tfp-aps\/mac-aps\/centres-formation\/seine-et-marne\/\" target=\"_blank\" rel=\"noreferrer noopener\">MAC APS en Seine-et-Marne (77) \u2192<\/a><\/h3>\n\n\n\n<figure class=\"wp-block-table\"><table><tbody><tr><td><a href=\"https:\/\/prepasecu.fr\/tfp-aps\/mac-aps\/centres-formation\/seine-et-marne\/pontault-combault\/\" target=\"_blank\" rel=\"noreferrer noopener\">Pontault-Combault<\/a><\/td><td><a href=\"https:\/\/prepasecu.fr\/tfp-aps\/mac-aps\/centres-formation\/seine-et-marne\/croissy-beaubourg\/\" target=\"_blank\" rel=\"noreferrer noopener\">Croissy-Beaubourg<\/a><\/td><\/tr><tr><td><a href=\"https:\/\/prepasecu.fr\/tfp-aps\/mac-aps\/centres-formation\/seine-et-marne\/nanteau-sur-lunain\/\" target=\"_blank\" rel=\"noreferrer noopener\">Nanteau-sur-Lunain<\/a><\/td><td><a href=\"https:\/\/prepasecu.fr\/tfp-aps\/mac-aps\/centres-formation\/seine-et-marne\/torcy\/\" target=\"_blank\" rel=\"noreferrer noopener\">Torcy<\/a><\/td><\/tr><tr><td><a href=\"https:\/\/prepasecu.fr\/tfp-aps\/mac-aps\/centres-formation\/seine-et-marne\/vaux-le-penil\/\" target=\"_blank\" rel=\"noreferrer noopener\">Vaux-le-P\u00e9nil<\/a><\/td><td><\/td><\/tr><\/tbody><\/table><\/figure>\n\n\n\n<h3 class=\"wp-block-heading\"><a href=\"https:\/\/prepasecu.fr\/tfp-aps\/mac-aps\/centres-formation\/seine-saint-denis\/\" target=\"_blank\" rel=\"noreferrer noopener\">MAC APS en Seine-Saint-Denis (93) \u2192<\/a><\/h3>\n\n\n\n<figure class=\"wp-block-table\"><table><tbody><tr><td><a href=\"https:\/\/prepasecu.fr\/tfp-aps\/mac-aps\/centres-formation\/seine-saint-denis\/saint-denis\/\" target=\"_blank\" rel=\"noreferrer noopener\">Saint-Denis<\/a><\/td><td><a href=\"https:\/\/prepasecu.fr\/tfp-aps\/mac-aps\/centres-formation\/seine-saint-denis\/villepinte\/\" target=\"_blank\" rel=\"noreferrer noopener\">Villepinte<\/a><\/td><\/tr><tr><td><a href=\"https:\/\/prepasecu.fr\/tfp-aps\/mac-aps\/centres-formation\/seine-saint-denis\/noisy-le-grand\/\" target=\"_blank\" rel=\"noreferrer noopener\">Noisy-le-Grand<\/a><\/td><td><a href=\"https:\/\/prepasecu.fr\/tfp-aps\/mac-aps\/centres-formation\/seine-saint-denis\/rosny-sous-bois\/\" target=\"_blank\" rel=\"noreferrer noopener\">Rosny-sous-Bois<\/a><\/td><\/tr><tr><td><a href=\"https:\/\/prepasecu.fr\/tfp-aps\/mac-aps\/centres-formation\/seine-saint-denis\/bobigny\/\" target=\"_blank\" rel=\"noreferrer noopener\">Bobigny<\/a><\/td><td><a href=\"https:\/\/prepasecu.fr\/tfp-aps\/mac-aps\/centres-formation\/seine-saint-denis\/tremblay-en-france\/\" target=\"_blank\" rel=\"noreferrer noopener\">Tremblay-en-France<\/a><\/td><\/tr><tr><td><a href=\"https:\/\/prepasecu.fr\/tfp-aps\/mac-aps\/centres-formation\/seine-saint-denis\/aubervilliers\/\" target=\"_blank\" rel=\"noreferrer noopener\">Aubervilliers<\/a><\/td><td><a href=\"https:\/\/prepasecu.fr\/tfp-aps\/mac-aps\/centres-formation\/seine-saint-denis\/epinay-sur-seine\/\" target=\"_blank\" rel=\"noreferrer noopener\">\u00c9pinay-sur-Seine<\/a><\/td><\/tr><tr><td><a href=\"https:\/\/prepasecu.fr\/tfp-aps\/mac-aps\/centres-formation\/seine-saint-denis\/saint-ouen\/\" target=\"_blank\" rel=\"noreferrer noopener\">Saint-Ouen<\/a><\/td><td><a href=\"https:\/\/prepasecu.fr\/tfp-aps\/mac-aps\/centres-formation\/seine-saint-denis\/sevran\/\" target=\"_blank\" rel=\"noreferrer noopener\">Sevran<\/a><\/td><\/tr><\/tbody><\/table><\/figure>\n\n\n\n<h3 class=\"wp-block-heading\"><a href=\"https:\/\/prepasecu.fr\/tfp-aps\/mac-aps\/centres-formation\/val-de-marne\/\" target=\"_blank\" rel=\"noreferrer noopener\">MAC APS dans le Val-de-Marne (94) \u2192<\/a><\/h3>\n\n\n\n<figure class=\"wp-block-table\"><table><tbody><tr><td><a href=\"https:\/\/prepasecu.fr\/tfp-aps\/mac-aps\/centres-formation\/val-de-marne\/ivry-sur-seine\/\" target=\"_blank\" rel=\"noreferrer noopener\">Ivry-sur-Seine<\/a><\/td><td><a href=\"https:\/\/prepasecu.fr\/tfp-aps\/mac-aps\/centres-formation\/val-de-marne\/boissy-saint-leger\/\" target=\"_blank\" rel=\"noreferrer noopener\">Boissy-Saint-L\u00e9ger<\/a><\/td><\/tr><tr><td><a href=\"https:\/\/prepasecu.fr\/tfp-aps\/mac-aps\/centres-formation\/val-de-marne\/creteil\/\" target=\"_blank\" rel=\"noreferrer noopener\">Cr\u00e9teil<\/a><\/td><td><a href=\"https:\/\/prepasecu.fr\/tfp-aps\/mac-aps\/centres-formation\/val-de-marne\/bonneuil-sur-marne\/\" target=\"_blank\" rel=\"noreferrer noopener\">Bonneuil-sur-Marne<\/a><\/td><\/tr><tr><td><a href=\"https:\/\/prepasecu.fr\/tfp-aps\/mac-aps\/centres-formation\/val-de-marne\/chaponnay\/\" target=\"_blank\" rel=\"noreferrer noopener\">Chaponnay<\/a><\/td><td><a href=\"https:\/\/prepasecu.fr\/tfp-aps\/mac-aps\/centres-formation\/val-de-marne\/gentilly\/\" target=\"_blank\" rel=\"noreferrer noopener\">Gentilly<\/a><\/td><\/tr><tr><td><a href=\"https:\/\/prepasecu.fr\/tfp-aps\/mac-aps\/centres-formation\/val-de-marne\/rungis\/\" target=\"_blank\" rel=\"noreferrer noopener\">Rungis<\/a><\/td><td><a href=\"https:\/\/prepasecu.fr\/tfp-aps\/mac-aps\/centres-formation\/val-de-marne\/saint-maur-des-fosses\/\" target=\"_blank\" rel=\"noreferrer noopener\">Saint-Maur-des-Foss\u00e9s<\/a><\/td><\/tr><tr><td><a href=\"https:\/\/prepasecu.fr\/tfp-aps\/mac-aps\/centres-formation\/val-de-marne\/saint-maurice\/\" target=\"_blank\" rel=\"noreferrer noopener\">Saint-Maurice<\/a><\/td><td><a href=\"https:\/\/prepasecu.fr\/tfp-aps\/mac-aps\/centres-formation\/val-de-marne\/thiais\/\" target=\"_blank\" rel=\"noreferrer noopener\">Thiais<\/a><\/td><\/tr><\/tbody><\/table><\/figure>\n\n\n\n<h3 class=\"wp-block-heading\"><a href=\"https:\/\/prepasecu.fr\/tfp-aps\/mac-aps\/centres-formation\/val-doise\/\" target=\"_blank\" rel=\"noreferrer noopener\">MAC APS dans le Val d&rsquo;Oise (95) \u2192<\/a><\/h3>\n\n\n\n<figure class=\"wp-block-table\"><table><tbody><tr><td><a href=\"https:\/\/prepasecu.fr\/tfp-aps\/mac-aps\/centres-formation\/val-doise\/roissy-en-france\/\" target=\"_blank\" rel=\"noreferrer noopener\">Roissy-en-France<\/a><\/td><td><a href=\"https:\/\/prepasecu.fr\/tfp-aps\/mac-aps\/centres-formation\/val-doise\/cergy\/\" target=\"_blank\" rel=\"noreferrer noopener\">Cergy<\/a><\/td><\/tr><tr><td><a href=\"https:\/\/prepasecu.fr\/tfp-aps\/mac-aps\/centres-formation\/val-doise\/sarcelles\/\" target=\"_blank\" rel=\"noreferrer noopener\">Sarcelles<\/a><\/td><td><a href=\"https:\/\/prepasecu.fr\/tfp-aps\/mac-aps\/centres-formation\/val-doise\/eaubonne\/\" target=\"_blank\" rel=\"noreferrer noopener\">Eaubonne<\/a><\/td><\/tr><tr><td><a href=\"https:\/\/prepasecu.fr\/tfp-aps\/mac-aps\/centres-formation\/val-doise\/goussainville\/\" target=\"_blank\" rel=\"noreferrer noopener\">Goussainville<\/a><\/td><td><a href=\"https:\/\/prepasecu.fr\/tfp-aps\/mac-aps\/centres-formation\/val-doise\/louvres\/\" target=\"_blank\" rel=\"noreferrer noopener\">Louvres<\/a><\/td><\/tr><\/tbody><\/table><\/figure>\n\n\n\n<h3 class=\"wp-block-heading\"><a href=\"https:\/\/prepasecu.fr\/tfp-aps\/mac-aps\/centres-formation\/yvelines\/\" target=\"_blank\" rel=\"noreferrer noopener\">MAC APS dans les Yvelines (78) \u2192<\/a><\/h3>\n\n\n\n<figure class=\"wp-block-table\"><table><tbody><tr><td><a href=\"https:\/\/prepasecu.fr\/tfp-aps\/mac-aps\/centres-formation\/yvelines\/carrieres-sur-seine\/\" target=\"_blank\" rel=\"noreferrer noopener\">Carri\u00e8res-sur-Seine<\/a><\/td><td><a href=\"https:\/\/prepasecu.fr\/tfp-aps\/mac-aps\/centres-formation\/yvelines\/montigny-le-bretonneux\/\" target=\"_blank\" rel=\"noreferrer noopener\">Montigny-le-Bretonneux<\/a><\/td><\/tr><tr><td><a href=\"https:\/\/prepasecu.fr\/tfp-aps\/mac-aps\/centres-formation\/yvelines\/saint-germain-en-laye\/\" target=\"_blank\" rel=\"noreferrer noopener\">Saint-Germain-en-Laye<\/a><\/td><td><a href=\"https:\/\/prepasecu.fr\/tfp-aps\/mac-aps\/centres-formation\/yvelines\/versailles\/\" target=\"_blank\" rel=\"noreferrer noopener\">Versailles<\/a><\/td><\/tr><tr><td><a href=\"https:\/\/prepasecu.fr\/tfp-aps\/mac-aps\/centres-formation\/yvelines\/villennes-sur-seine\/\" target=\"_blank\" rel=\"noreferrer noopener\">Villennes-sur-Seine<\/a><\/td><td><\/td><\/tr><\/tbody><\/table><\/figure>\n\n\n\n<h2 class=\"wp-block-heading\">MAC APS en Martinique<\/h2>\n\n\n\n<h3 class=\"wp-block-heading\"><a href=\"https:\/\/prepasecu.fr\/tfp-aps\/mac-aps\/centres-formation\/martinique\/\" target=\"_blank\" rel=\"noreferrer noopener\">MAC APS en Martinique (972) \u2192<\/a><\/h3>\n\n\n\n<figure class=\"wp-block-table\"><table><tbody><tr><td><a href=\"https:\/\/prepasecu.fr\/tfp-aps\/mac-aps\/centres-formation\/martinique\/fort-de-france\/\" target=\"_blank\" rel=\"noreferrer noopener\">Fort-de-France<\/a><\/td><td><a href=\"https:\/\/prepasecu.fr\/tfp-aps\/mac-aps\/centres-formation\/martinique\/le-lamentin\/\" target=\"_blank\" rel=\"noreferrer noopener\">Le Lamentin<\/a><\/td><\/tr><\/tbody><\/table><\/figure>\n\n\n\n<h2 class=\"wp-block-heading\">MAC APS \u00e0 Mayotte<\/h2>\n\n\n\n<h3 class=\"wp-block-heading\"><a href=\"https:\/\/prepasecu.fr\/tfp-aps\/mac-aps\/centres-formation\/mayotte\/\" target=\"_blank\" rel=\"noreferrer noopener\">MAC APS \u00e0 Mayotte (976) \u2192<\/a><\/h3>\n\n\n\n<figure class=\"wp-block-table\"><table><tbody><tr><td><a href=\"https:\/\/prepasecu.fr\/tfp-aps\/mac-aps\/centres-formation\/mayotte\/mamoudzou\/\" target=\"_blank\" rel=\"noreferrer noopener\">Mamoudzou<\/a><\/td><td><\/td><\/tr><\/tbody><\/table><\/figure>\n\n\n\n<h2 class=\"wp-block-heading\">MAC APS en Normandie<\/h2>\n\n\n\n<h3 class=\"wp-block-heading\"><a href=\"https:\/\/prepasecu.fr\/tfp-aps\/mac-aps\/centres-formation\/calvados\/\" target=\"_blank\" rel=\"noreferrer noopener\">MAC APS dans le Calvados (14) \u2192<\/a><\/h3>\n\n\n\n<figure class=\"wp-block-table\"><table><tbody><tr><td><a href=\"https:\/\/prepasecu.fr\/tfp-aps\/mac-aps\/centres-formation\/calvados\/caen\/\" target=\"_blank\" rel=\"noreferrer noopener\">Caen<\/a><\/td><td><a href=\"https:\/\/prepasecu.fr\/tfp-aps\/mac-aps\/centres-formation\/calvados\/herouville-saint-clair\/\" target=\"_blank\" rel=\"noreferrer noopener\">H\u00e9rouville-Saint-Clair<\/a><\/td><\/tr><\/tbody><\/table><\/figure>\n\n\n\n<h3 class=\"wp-block-heading\"><a href=\"https:\/\/prepasecu.fr\/tfp-aps\/mac-aps\/centres-formation\/manche\/\" target=\"_blank\" rel=\"noreferrer noopener\">MAC APS dans la Manche (50) \u2192<\/a><\/h3>\n\n\n\n<figure class=\"wp-block-table\"><table><tbody><tr><td><a href=\"https:\/\/prepasecu.fr\/tfp-aps\/mac-aps\/centres-formation\/manche\/crasville\/\" target=\"_blank\" rel=\"noreferrer noopener\">Crasville<\/a><\/td><td><\/td><\/tr><\/tbody><\/table><\/figure>\n\n\n\n<h3 class=\"wp-block-heading\"><a href=\"https:\/\/prepasecu.fr\/tfp-aps\/mac-aps\/centres-formation\/seine-maritime\/\" target=\"_blank\" rel=\"noreferrer noopener\">MAC APS en Seine-Maritime (76) \u2192<\/a><\/h3>\n\n\n\n<figure class=\"wp-block-table\"><table><tbody><tr><td><a href=\"https:\/\/prepasecu.fr\/tfp-aps\/mac-aps\/centres-formation\/seine-maritime\/harfleur\/\" target=\"_blank\" rel=\"noreferrer noopener\">Harfleur<\/a><\/td><td><a href=\"https:\/\/prepasecu.fr\/tfp-aps\/mac-aps\/centres-formation\/seine-maritime\/le-havre\/\" target=\"_blank\" rel=\"noreferrer noopener\">Le Havre<\/a><\/td><\/tr><tr><td><a href=\"https:\/\/prepasecu.fr\/tfp-aps\/mac-aps\/centres-formation\/seine-maritime\/le-petit-quevilly\/\" target=\"_blank\" rel=\"noreferrer noopener\">Le Petit-Quevilly<\/a><\/td><td><a href=\"https:\/\/prepasecu.fr\/tfp-aps\/mac-aps\/centres-formation\/seine-maritime\/maromme\/\" target=\"_blank\" rel=\"noreferrer noopener\">Maromme<\/a><\/td><\/tr><tr><td><a href=\"https:\/\/prepasecu.fr\/tfp-aps\/mac-aps\/centres-formation\/seine-maritime\/mont-saint-aignan\/\" target=\"_blank\" rel=\"noreferrer noopener\">Mont-Saint-Aignan<\/a><\/td><td><a href=\"https:\/\/prepasecu.fr\/tfp-aps\/mac-aps\/centres-formation\/seine-maritime\/saint-etienne-du-rouvray\/\" target=\"_blank\" rel=\"noreferrer noopener\">Saint-\u00c9tienne-du-Rouveray<\/a><\/td><\/tr><tr><td><a href=\"https:\/\/prepasecu.fr\/tfp-aps\/mac-aps\/centres-formation\/seine-maritime\/yvetot\/\" target=\"_blank\" rel=\"noreferrer noopener\">Yvetot<\/a><\/td><td><\/td><\/tr><\/tbody><\/table><\/figure>\n\n\n\n<h2 class=\"wp-block-heading\">MAC APS en Nouvelle-Aquitaine<\/h2>\n\n\n\n<h3 class=\"wp-block-heading\"><a href=\"https:\/\/prepasecu.fr\/tfp-aps\/mac-aps\/centres-formation\/charente-maritime\/\" target=\"_blank\" rel=\"noreferrer noopener\">MAC APS en Charente-Maritime (17) \u2192<\/a><\/h3>\n\n\n\n<figure class=\"wp-block-table\"><table><tbody><tr><td><a href=\"https:\/\/prepasecu.fr\/tfp-aps\/mac-aps\/centres-formation\/charente-maritime\/echillais\/\" target=\"_blank\" rel=\"noreferrer noopener\">\u00c9chillais<\/a><\/td><td><\/td><\/tr><\/tbody><\/table><\/figure>\n\n\n\n<h3 class=\"wp-block-heading\"><a href=\"https:\/\/prepasecu.fr\/tfp-aps\/mac-aps\/centres-formation\/deux-sevres\/\" target=\"_blank\" rel=\"noreferrer noopener\">MAC APS dans les Deux-S\u00e8vres (79) \u2192<\/a><\/h3>\n\n\n\n<figure class=\"wp-block-table\"><table><tbody><tr><td><a href=\"https:\/\/prepasecu.fr\/tfp-aps\/mac-aps\/centres-formation\/deux-sevres\/niort\/\" target=\"_blank\" rel=\"noreferrer noopener\">Niort<\/a><\/td><td><\/td><\/tr><\/tbody><\/table><\/figure>\n\n\n\n<h3 class=\"wp-block-heading\"><a href=\"https:\/\/prepasecu.fr\/tfp-aps\/mac-aps\/centres-formation\/dordogne\/\" target=\"_blank\" rel=\"noreferrer noopener\">MAC APS en Dordogne (24) \u2192<\/a><\/h3>\n\n\n\n<figure class=\"wp-block-table\"><table><tbody><tr><td><a href=\"https:\/\/prepasecu.fr\/tfp-aps\/mac-aps\/centres-formation\/dordogne\/boulazac\/\" target=\"_blank\" rel=\"noreferrer noopener\">Boulazac<\/a><\/td><td><\/td><\/tr><\/tbody><\/table><\/figure>\n\n\n\n<h3 class=\"wp-block-heading\"><a href=\"https:\/\/prepasecu.fr\/tfp-aps\/mac-aps\/centres-formation\/gironde\/\" target=\"_blank\" rel=\"noreferrer noopener\">MAC APS en Gironde (33) \u2192<\/a><\/h3>\n\n\n\n<figure class=\"wp-block-table\"><table><tbody><tr><td><a href=\"https:\/\/prepasecu.fr\/tfp-aps\/mac-aps\/centres-formation\/gironde\/bordeaux\/\" target=\"_blank\" rel=\"noreferrer noopener\">Bordeaux<\/a><\/td><td><a href=\"https:\/\/prepasecu.fr\/tfp-aps\/mac-aps\/centres-formation\/gironde\/merignac\/\" target=\"_blank\" rel=\"noreferrer noopener\">M\u00e9rignac<\/a><\/td><\/tr><tr><td><a href=\"https:\/\/prepasecu.fr\/tfp-aps\/mac-aps\/centres-formation\/gironde\/floirac\/\">Floirac<\/a><\/td><td><a href=\"https:\/\/prepasecu.fr\/tfp-aps\/mac-aps\/centres-formation\/gironde\/saint-loubes\/\" target=\"_blank\" rel=\"noreferrer noopener\">Saint-Loub\u00e8s<\/a><\/td><\/tr><\/tbody><\/table><\/figure>\n\n\n\n<h3 class=\"wp-block-heading\"><a href=\"https:\/\/prepasecu.fr\/tfp-aps\/mac-aps\/centres-formation\/haute-vienne\/\" target=\"_blank\" rel=\"noreferrer noopener\">MAC APS en Haute-Vienne (87) \u2192<\/a><\/h3>\n\n\n\n<figure class=\"wp-block-table\"><table><tbody><tr><td><a href=\"https:\/\/prepasecu.fr\/tfp-aps\/mac-aps\/centres-formation\/haute-vienne\/limoges\/\" target=\"_blank\" rel=\"noreferrer noopener\">Limoges<\/a><\/td><td><\/td><\/tr><\/tbody><\/table><\/figure>\n\n\n\n<h3 class=\"wp-block-heading\"><a href=\"https:\/\/prepasecu.fr\/tfp-aps\/mac-aps\/centres-formation\/landes\/\" target=\"_blank\" rel=\"noreferrer noopener\">MAC APS dans les Landes (40) \u2192<\/a><\/h3>\n\n\n\n<figure class=\"wp-block-table\"><table><tbody><tr><td><a href=\"https:\/\/prepasecu.fr\/tfp-aps\/mac-aps\/centres-formation\/landes\/saint-geours-de-maremne\/\" target=\"_blank\" rel=\"noreferrer noopener\">Saint-Geours-de-Maremne<\/a><\/td><td><a href=\"https:\/\/prepasecu.fr\/tfp-aps\/mac-aps\/centres-formation\/landes\/tarnos\/\">Tarnos<\/a><\/td><\/tr><\/tbody><\/table><\/figure>\n\n\n\n<h3 class=\"wp-block-heading\"><a href=\"https:\/\/prepasecu.fr\/tfp-aps\/mac-aps\/centres-formation\/pyrenees-atlantiques\/\" target=\"_blank\" rel=\"noreferrer noopener\">MAC APS dans les Pyr\u00e9n\u00e9es-Atlantiques (64) \u2192<\/a><\/h3>\n\n\n\n<figure class=\"wp-block-table\"><table><tbody><tr><td><a href=\"https:\/\/prepasecu.fr\/tfp-aps\/mac-aps\/centres-formation\/pyrenees-atlantiques\/pau\/\" target=\"_blank\" rel=\"noreferrer noopener\">Pau<\/a><\/td><td><\/td><\/tr><\/tbody><\/table><\/figure>\n\n\n\n<h3 class=\"wp-block-heading\"><a href=\"https:\/\/prepasecu.fr\/tfp-aps\/mac-aps\/centres-formation\/vienne\/\" target=\"_blank\" rel=\"noreferrer noopener\">MAC APS dans la Vienne (86) \u2192<\/a><\/h3>\n\n\n\n<figure class=\"wp-block-table\"><table><tbody><tr><td><a href=\"https:\/\/prepasecu.fr\/tfp-aps\/mac-aps\/centres-formation\/vienne\/dissay\/\" target=\"_blank\" rel=\"noreferrer noopener\">Dissay<\/a><\/td><td><a href=\"https:\/\/prepasecu.fr\/tfp-aps\/mac-aps\/centres-formation\/vienne\/saint-benoit\/\" target=\"_blank\" rel=\"noreferrer noopener\">Saint-Beno\u00eet<\/a><\/td><\/tr><\/tbody><\/table><\/figure>\n\n\n\n<h2 class=\"wp-block-heading\">MAC APS en Occitanie<\/h2>\n\n\n\n<h3 class=\"wp-block-heading\"><a href=\"https:\/\/prepasecu.fr\/tfp-aps\/mac-aps\/centres-formation\/aude\/\" target=\"_blank\" rel=\"noreferrer noopener\">MAC APS dans l&rsquo;Aude (11) \u2192<\/a><\/h3>\n\n\n\n<figure class=\"wp-block-table\"><table><tbody><tr><td><a href=\"https:\/\/prepasecu.fr\/tfp-aps\/mac-aps\/centres-formation\/aude\/carcassonne\/\" target=\"_blank\" rel=\"noreferrer noopener\">Carcassonne<\/a><\/td><td><\/td><\/tr><\/tbody><\/table><\/figure>\n\n\n\n<h3 class=\"wp-block-heading\"><a href=\"https:\/\/prepasecu.fr\/tfp-aps\/mac-aps\/centres-formation\/gard\/\" target=\"_blank\" rel=\"noreferrer noopener\">MAC APS dans le Gard (30) \u2192<\/a><\/h3>\n\n\n\n<figure class=\"wp-block-table\"><table><tbody><tr><td><a href=\"https:\/\/prepasecu.fr\/tfp-aps\/mac-aps\/centres-formation\/gard\/mejannes-les-ales\/\" target=\"_blank\" rel=\"noreferrer noopener\">M\u00e9jannes-l\u00e8s-Al\u00e8s<\/a><\/td><td><a href=\"https:\/\/prepasecu.fr\/tfp-aps\/mac-aps\/centres-formation\/gard\/nimes\/\" target=\"_blank\" rel=\"noreferrer noopener\">N\u00eemes<\/a><\/td><\/tr><\/tbody><\/table><\/figure>\n\n\n\n<h3 class=\"wp-block-heading\"><a href=\"https:\/\/prepasecu.fr\/tfp-aps\/mac-aps\/centres-formation\/haute-garonne\/\" target=\"_blank\" rel=\"noreferrer noopener\">MAC APS en Haute-Garonne (31) \u2192<\/a><\/h3>\n\n\n\n<figure class=\"wp-block-table\"><table><tbody><tr><td><a href=\"https:\/\/prepasecu.fr\/tfp-aps\/mac-aps\/centres-formation\/haute-garonne\/toulouse\/\" target=\"_blank\" rel=\"noreferrer noopener\">Toulouse<\/a><\/td><td><a href=\"https:\/\/prepasecu.fr\/tfp-aps\/mac-aps\/centres-formation\/haute-garonne\/blagnac\/\" target=\"_blank\" rel=\"noreferrer noopener\">Blagnac<\/a><\/td><\/tr><tr><td><a href=\"https:\/\/prepasecu.fr\/tfp-aps\/mac-aps\/centres-formation\/haute-garonne\/labege\/\" target=\"_blank\" rel=\"noreferrer noopener\">Lab\u00e8ge<\/a><\/td><td><a href=\"https:\/\/prepasecu.fr\/tfp-aps\/mac-aps\/centres-formation\/haute-garonne\/colomiers\/\" target=\"_blank\" rel=\"noreferrer noopener\">Colomiers<\/a><\/td><\/tr><tr><td><a href=\"https:\/\/prepasecu.fr\/tfp-aps\/mac-aps\/centres-formation\/haute-garonne\/lunion\/\" target=\"_blank\" rel=\"noreferrer noopener\">L&rsquo;Union<\/a><\/td><td><a href=\"https:\/\/prepasecu.fr\/tfp-aps\/mac-aps\/centres-formation\/haute-garonne\/portet-sur-garonne\/\" target=\"_blank\" rel=\"noreferrer noopener\">Portet-sur-Garonne<\/a><\/td><\/tr><\/tbody><\/table><\/figure>\n\n\n\n<h3 class=\"wp-block-heading\"><a href=\"https:\/\/prepasecu.fr\/tfp-aps\/mac-aps\/centres-formation\/hautes-pyrenees\/\" target=\"_blank\" rel=\"noreferrer noopener\">MAC APS dans les Hautes-Pyr\u00e9n\u00e9es (65) \u2192<\/a><\/h3>\n\n\n\n<figure class=\"wp-block-table\"><table><tbody><tr><td><a href=\"https:\/\/prepasecu.fr\/tfp-aps\/mac-aps\/centres-formation\/haute-vienne\/limoges\/ https:\/\/prepasecu.fr\/tfp-aps\/mac-aps\/centres-formation\/hautes-pyrenees\/tarbes\/\" target=\"_blank\" rel=\"noreferrer noopener\">Tarbes<\/a><\/td><td><\/td><\/tr><\/tbody><\/table><\/figure>\n\n\n\n<h3 class=\"wp-block-heading\"><a href=\"https:\/\/prepasecu.fr\/tfp-aps\/mac-aps\/centres-formation\/herault\/\" target=\"_blank\" rel=\"noreferrer noopener\">MAC APS dans l&rsquo;H\u00e9rault (34) \u2192<\/a><\/h3>\n\n\n\n<figure class=\"wp-block-table\"><table><tbody><tr><td><a href=\"https:\/\/prepasecu.fr\/tfp-aps\/mac-aps\/centres-formation\/herault\/montpellier\/\" target=\"_blank\" rel=\"noreferrer noopener\">Montpellier<\/a><\/td><td><a href=\"https:\/\/prepasecu.fr\/tfp-aps\/mac-aps\/centres-formation\/herault\/mauguio\/\" target=\"_blank\" rel=\"noreferrer noopener\">Mauguio<\/a><\/td><\/tr><tr><td><a href=\"https:\/\/prepasecu.fr\/tfp-aps\/mac-aps\/centres-formation\/herault\/lattes\/\" target=\"_blank\" rel=\"noreferrer noopener\">Lattes<\/a><\/td><td><\/td><\/tr><\/tbody><\/table><\/figure>\n\n\n\n<h3 class=\"wp-block-heading\"><a href=\"https:\/\/prepasecu.fr\/tfp-aps\/mac-aps\/centres-formation\/pyrenees-orientales\/\" target=\"_blank\" rel=\"noreferrer noopener\">MAC APS dans les Pyr\u00e9n\u00e9es-Orientales (66) \u2192<\/a><\/h3>\n\n\n\n<figure class=\"wp-block-table\"><table><tbody><tr><td><a href=\"https:\/\/prepasecu.fr\/tfp-aps\/mac-aps\/centres-formation\/pyrenees-orientales\/perpignan\/\" target=\"_blank\" rel=\"noreferrer noopener\">Perpignan<\/a><\/td><td><a href=\"https:\/\/prepasecu.fr\/tfp-aps\/mac-aps\/centres-formation\/pyrenees-orientales\/cabestany\/\" target=\"_blank\" rel=\"noreferrer noopener\">Cabestany<\/a><\/td><\/tr><\/tbody><\/table><\/figure>\n\n\n\n<h3 class=\"wp-block-heading\"><a href=\"https:\/\/prepasecu.fr\/tfp-aps\/mac-aps\/centres-formation\/tarn-et-garonne\/\" target=\"_blank\" rel=\"noreferrer noopener\">MAC APS dans le Tarn-et-Garonne (82) \u2192<\/a><\/h3>\n\n\n\n<figure class=\"wp-block-table\"><table><tbody><tr><td><a href=\"https:\/\/prepasecu.fr\/tfp-aps\/mac-aps\/centres-formation\/tarn-et-garonne\/montauban\/\" target=\"_blank\" rel=\"noreferrer noopener\">Montauban<\/a><\/td><td><\/td><\/tr><\/tbody><\/table><\/figure>\n\n\n\n<h2 class=\"wp-block-heading\">MAC APS dans les Pays de la Loire<\/h2>\n\n\n\n<h3 class=\"wp-block-heading\"><a href=\"https:\/\/prepasecu.fr\/tfp-aps\/mac-aps\/centres-formation\/loire-atlantique\/\" target=\"_blank\" rel=\"noreferrer noopener\">MAC APS en Loire-Atlantique (44) \u2192<\/a><\/h3>\n\n\n\n<figure class=\"wp-block-table\"><table><tbody><tr><td><a href=\"https:\/\/prepasecu.fr\/tfp-aps\/mac-aps\/centres-formation\/loire-atlantique\/nantes\/\" target=\"_blank\" rel=\"noreferrer noopener\">Nantes<\/a><\/td><td><a href=\"https:\/\/prepasecu.fr\/tfp-aps\/mac-aps\/centres-formation\/loire-atlantique\/saint-herblain\/\" target=\"_blank\" rel=\"noreferrer noopener\">Saint-Herblain<\/a><\/td><\/tr><tr><td><a href=\"https:\/\/prepasecu.fr\/tfp-aps\/mac-aps\/centres-formation\/loire-atlantique\/bouguenais\/\" target=\"_blank\" rel=\"noreferrer noopener\">Bouguenais<\/a><\/td><td><a href=\"https:\/\/prepasecu.fr\/tfp-aps\/mac-aps\/centres-formation\/loire-atlantique\/reze\/\" target=\"_blank\" rel=\"noreferrer noopener\">Rez\u00e9<\/a><\/td><\/tr><tr><td><a href=\"https:\/\/prepasecu.fr\/tfp-aps\/mac-aps\/centres-formation\/loire-atlantique\/saint-nazaire\/\" target=\"_blank\" rel=\"noreferrer noopener\">Saint-Nazaire<\/a><\/td><td><\/td><\/tr><\/tbody><\/table><\/figure>\n\n\n\n<h3 class=\"wp-block-heading\"><a href=\"https:\/\/prepasecu.fr\/tfp-aps\/mac-aps\/centres-formation\/maine-et-loire\/\" target=\"_blank\" rel=\"noreferrer noopener\">MAC APS dans le Maine-et-Loire (49) \u2192<\/a><\/h3>\n\n\n\n<figure class=\"wp-block-table\"><table><tbody><tr><td><a href=\"https:\/\/prepasecu.fr\/tfp-aps\/mac-aps\/centres-formation\/maine-et-loire\/angers\/\" target=\"_blank\" rel=\"noreferrer noopener\">Angers<\/a><\/td><td><a href=\"https:\/\/prepasecu.fr\/tfp-aps\/mac-aps\/centres-formation\/maine-et-loire\/longuenee-en-anjou\/\" target=\"_blank\" rel=\"noreferrer noopener\">Longuen\u00e9e-en-Anjou<\/a><\/td><\/tr><\/tbody><\/table><\/figure>\n\n\n\n<h3 class=\"wp-block-heading\"><a href=\"https:\/\/prepasecu.fr\/tfp-aps\/mac-aps\/centres-formation\/sarthe\/\" target=\"_blank\" rel=\"noreferrer noopener\" title=\"https:\/\/prepasecu.fr\/tfp-aps\/mac-aps\/centres-formation\/sarthe\/\">MAC APS dans la Sarthe (72) \u2192<\/a><\/h3>\n\n\n\n<figure class=\"wp-block-table\"><table><tbody><tr><td><a href=\"https:\/\/prepasecu.fr\/tfp-aps\/mac-aps\/centres-formation\/sarthe\/sainte-jamme-sur-sarthe\/\" target=\"_blank\" rel=\"noreferrer noopener\">Sainte-Jamme-sur-Sarthe<\/a><\/td><td><\/td><\/tr><\/tbody><\/table><\/figure>\n\n\n\n<h3 class=\"wp-block-heading\"><a href=\"https:\/\/prepasecu.fr\/tfp-aps\/mac-aps\/centres-formation\/vendee\/\" target=\"_blank\" rel=\"noreferrer noopener\">MAC APS en Vend\u00e9e (44) \u2192<\/a><\/h3>\n\n\n\n<figure class=\"wp-block-table\"><table><tbody><tr><td><a href=\"https:\/\/prepasecu.fr\/tfp-aps\/mac-aps\/centres-formation\/vendee\/belleville-sur-vie\/\" target=\"_blank\" rel=\"noreferrer noopener\">Belleville-sur-Vie<\/a><\/td><td><a href=\"https:\/\/prepasecu.fr\/tfp-aps\/mac-aps\/centres-formation\/vendee\/la-roche-sur-yon\/\" target=\"_blank\" rel=\"noreferrer noopener\">La Roche-sur-Yon<\/a><\/td><\/tr><\/tbody><\/table><\/figure>\n\n\n\n<h2 class=\"wp-block-heading\">MAC APS en Provence-Alpes-C\u00f4te d&rsquo;Azur<\/h2>\n\n\n\n<h3 class=\"wp-block-heading\"><a href=\"https:\/\/prepasecu.fr\/tfp-aps\/mac-aps\/centres-formation\/alpes-maritimes\/\" target=\"_blank\" rel=\"noreferrer noopener\" title=\"https:\/\/prepasecu.fr\/tfp-aps\/mac-aps\/centres-formation\/alpes-maritimes\/\">MAC APS dans les Alpes-Maritimes (06) \u2192<\/a><\/h3>\n\n\n\n<figure class=\"wp-block-table\"><table><tbody><tr><td><a href=\"https:\/\/prepasecu.fr\/tfp-aps\/mac-aps\/centres-formation\/alpes-maritimes\/nice\/\" target=\"_blank\" rel=\"noreferrer noopener\">Nice<\/a><\/td><td><a href=\"https:\/\/prepasecu.fr\/tfp-aps\/mac-aps\/centres-formation\/alpes-maritimes\/antibes\/\">Antibes<\/a><\/td><\/tr><tr><td><a href=\"https:\/\/prepasecu.fr\/tfp-aps\/mac-aps\/centres-formation\/alpes-maritimes\/cannes\/\">Cannes<\/a><\/td><td><a href=\"https:\/\/prepasecu.fr\/tfp-aps\/mac-aps\/centres-formation\/alpes-maritimes\/mougins\/\">Mougins<\/a><\/td><\/tr><\/tbody><\/table><\/figure>\n\n\n\n<h3 class=\"wp-block-heading\"><a href=\"https:\/\/prepasecu.fr\/tfp-aps\/mac-aps\/centres-formation\/bouches-du-rhone\/\" target=\"_blank\" rel=\"noreferrer noopener\">MAC APS dans les Bouches-du-Rh\u00f4ne (13) \u2192<\/a><\/h3>\n\n\n\n<figure class=\"wp-block-table\"><table><tbody><tr><td><a href=\"https:\/\/prepasecu.fr\/tfp-aps\/mac-aps\/centres-formation\/bouches-du-rhone\/marseille\/\" target=\"_blank\" rel=\"noreferrer noopener\">Marseilles<\/a><\/td><td><a href=\"https:\/\/prepasecu.fr\/tfp-aps\/mac-aps\/centres-formation\/bouches-du-rhone\/aix-en-provence\/\" target=\"_blank\" rel=\"noreferrer noopener\">Aix-en-Provence<\/a><\/td><\/tr><tr><td><a href=\"https:\/\/prepasecu.fr\/tfp-aps\/mac-aps\/centres-formation\/bouches-du-rhone\/cabries\/\" target=\"_blank\" rel=\"noreferrer noopener\">Cabri\u00e8s<\/a><\/td><td><a href=\"https:\/\/prepasecu.fr\/tfp-aps\/mac-aps\/centres-formation\/bouches-du-rhone\/martigues\/\" target=\"_blank\" rel=\"noreferrer noopener\">Martigues<\/a><\/td><\/tr><tr><td><a href=\"https:\/\/prepasecu.fr\/tfp-aps\/mac-aps\/centres-formation\/bouches-du-rhone\/miramas\/\" target=\"_blank\" rel=\"noreferrer noopener\">Miramas<\/a><\/td><td><\/td><\/tr><\/tbody><\/table><\/figure>\n\n\n\n<h3 class=\"wp-block-heading\"><a href=\"https:\/\/prepasecu.fr\/tfp-aps\/mac-aps\/centres-formation\/hautes-alpes\/\" target=\"_blank\" rel=\"noreferrer noopener\">MAC APS dans les Hautes-Alpes (05) \u2192<\/a><\/h3>\n\n\n\n<figure class=\"wp-block-table\"><table><tbody><tr><td><a href=\"https:\/\/prepasecu.fr\/tfp-aps\/mac-aps\/centres-formation\/hautes-alpes\/gap\/\" target=\"_blank\" rel=\"noreferrer noopener\">Gap<\/a><\/td><td><\/td><\/tr><\/tbody><\/table><\/figure>\n\n\n\n<h3 class=\"wp-block-heading\"><a href=\"https:\/\/prepasecu.fr\/tfp-aps\/mac-aps\/centres-formation\/var\/\" target=\"_blank\" rel=\"noreferrer noopener\">MAC APS dans le Var (83) \u2192<\/a><\/h3>\n\n\n\n<figure class=\"wp-block-table\"><table><tbody><tr><td><a href=\"https:\/\/prepasecu.fr\/tfp-aps\/mac-aps\/centres-formation\/var\/la-garde\/\" target=\"_blank\" rel=\"noreferrer noopener\">La Garde<\/a><\/td><td><a href=\"https:\/\/prepasecu.fr\/tfp-aps\/mac-aps\/centres-formation\/var\/la-seyne-sur-mer\/\" target=\"_blank\" rel=\"noreferrer noopener\">La Seyne-sur-Mer<\/a><\/td><\/tr><tr><td><a href=\"https:\/\/prepasecu.fr\/tfp-aps\/mac-aps\/centres-formation\/var\/montauroux\/\" target=\"_blank\" rel=\"noreferrer noopener\">Montauroux<\/a><\/td><td><a href=\"https:\/\/prepasecu.fr\/tfp-aps\/mac-aps\/centres-formation\/var\/puget-sur-argens\/\" target=\"_blank\" rel=\"noreferrer noopener\">Puget-sur-Argens<\/a><\/td><\/tr><tr><td><a href=\"https:\/\/prepasecu.fr\/tfp-aps\/mac-aps\/centres-formation\/var\/vidauban\/\" target=\"_blank\" rel=\"noreferrer noopener\">Vidauban<\/a><\/td><td><\/td><\/tr><\/tbody><\/table><\/figure>\n\n\n\n<h3 class=\"wp-block-heading\"><a href=\"https:\/\/prepasecu.fr\/tfp-aps\/mac-aps\/centres-formation\/vaucluse\/\" target=\"_blank\" rel=\"noreferrer noopener\">MAC APS dans le Vaucluse (84) \u2192<\/a><\/h3>\n\n\n\n<figure class=\"wp-block-table\"><table><tbody><tr><td><a href=\"https:\/\/prepasecu.fr\/tfp-aps\/mac-aps\/centres-formation\/vaucluse\/avignon\/\" target=\"_blank\" rel=\"noreferrer noopener\">Avignon<\/a><\/td><td><a href=\"https:\/\/prepasecu.fr\/tfp-aps\/mac-aps\/centres-formation\/vaucluse\/carpentras\/\" target=\"_blank\" rel=\"noreferrer noopener\">Carpentras<\/a><\/td><\/tr><tr><td><a href=\"https:\/\/prepasecu.fr\/tfp-aps\/mac-aps\/centres-formation\/vaucluse\/orange\/\" target=\"_blank\" rel=\"noreferrer noopener\">Orange<\/a><\/td><td><\/td><\/tr><\/tbody><\/table><\/figure>\n\n\n\n<h2 class=\"wp-block-heading\">MAC APS \u00e0 la R\u00e9union<\/h2>\n\n\n\n<h3 class=\"wp-block-heading\"><a href=\"https:\/\/prepasecu.fr\/tfp-aps\/mac-aps\/centres-formation\/reunion\/\" target=\"_blank\" rel=\"noreferrer noopener\">MAC APS \u00e0 la R\u00e9union (974) \u2192<\/a><\/h3>\n\n\n\n<figure class=\"wp-block-table\"><table><tbody><tr><td><a href=\"https:\/\/prepasecu.fr\/tfp-aps\/mac-aps\/centres-formation\/reunion\/sainte-clotilde\/\" target=\"_blank\" rel=\"noreferrer noopener\">Sainte-Clotilde<\/a><\/td><td><a href=\"https:\/\/prepasecu.fr\/tfp-aps\/mac-aps\/centres-formation\/reunion\/sainte-marie\/\" target=\"_blank\" rel=\"noreferrer noopener\">Sainte-Marie<\/a><\/td><\/tr><tr><td><a href=\"https:\/\/prepasecu.fr\/tfp-aps\/mac-aps\/centres-formation\/reunion\/sainte-suzanne\/\" target=\"_blank\" rel=\"noreferrer noopener\">Sainte-Suzanne<\/a><\/td><td><\/td><\/tr><\/tbody><\/table><\/figure>\n","protected":false},"excerpt":{"rendered":"<p>Qu\u2019est-ce que le MAC APS&nbsp;? Depuis le 1er janvier 2018, les agents de s\u00e9curit\u00e9 doivent suivre un stage de recyclage pour obtenir une attestation de MAC APS (Maintien et actualisation des comp\u00e9tences de l\u2019agent de pr\u00e9vention et de s\u00e9curit\u00e9). Elle est d\u00e9sormais exig\u00e9e par le CNAPS (Conseil national des activit\u00e9s priv\u00e9es de s\u00e9curit\u00e9) lors du [&hellip;]<\/p>\n","protected":false},"author":1,"featured_media":0,"parent":631,"menu_order":0,"comment_status":"closed","ping_status":"closed","template":"","meta":{"_uag_custom_page_level_css":"","_genesis_hide_title":false,"_genesis_hide_breadcrumbs":false,"_genesis_hide_singular_image":false,"_genesis_hide_footer_widgets":false,"_genesis_custom_body_class":"","_genesis_custom_post_class":"","_genesis_layout":"full-width-content","footnotes":""},"class_list":{"0":"post-1124","1":"page","2":"type-page","3":"status-publish","5":"entry"},"aioseo_notices":[],"featured_image_src":null,"featured_image_src_square":null,"uagb_featured_image_src":{"full":false,"thumbnail":false,"medium":false,"medium_large":false,"large":false,"1536x1536":false,"2048x2048":false,"sidebar-featured":false,"genesis-singular-images":false,"gb-block-post-grid-landscape":false,"gb-block-post-grid-square":false,"yarpp-thumbnail":false},"uagb_author_info":{"display_name":"Matthis","author_link":"https:\/\/prepasecu.fr\/?author=1"},"uagb_comment_info":0,"uagb_excerpt":"Qu\u2019est-ce que le MAC APS&nbsp;? Depuis le 1er janvier 2018, les agents de s\u00e9curit\u00e9 doivent suivre un stage de recyclage pour obtenir une attestation de MAC APS (Maintien et actualisation des comp\u00e9tences de l\u2019agent de pr\u00e9vention et de s\u00e9curit\u00e9). Elle est d\u00e9sormais exig\u00e9e par le CNAPS (Conseil national des activit\u00e9s priv\u00e9es de s\u00e9curit\u00e9) lors du\u2026","_links":{"self":[{"href":"https:\/\/prepasecu.fr\/index.php?rest_route=\/wp\/v2\/pages\/1124"}],"collection":[{"href":"https:\/\/prepasecu.fr\/index.php?rest_route=\/wp\/v2\/pages"}],"about":[{"href":"https:\/\/prepasecu.fr\/index.php?rest_route=\/wp\/v2\/types\/page"}],"author":[{"embeddable":true,"href":"https:\/\/prepasecu.fr\/index.php?rest_route=\/wp\/v2\/users\/1"}],"replies":[{"embeddable":true,"href":"https:\/\/prepasecu.fr\/index.php?rest_route=%2Fwp%2Fv2%2Fcomments&post=1124"}],"version-history":[{"count":0,"href":"https:\/\/prepasecu.fr\/index.php?rest_route=\/wp\/v2\/pages\/1124\/revisions"}],"up":[{"embeddable":true,"href":"https:\/\/prepasecu.fr\/index.php?rest_route=\/wp\/v2\/pages\/631"}],"wp:attachment":[{"href":"https:\/\/prepasecu.fr\/index.php?rest_route=%2Fwp%2Fv2%2Fmedia&parent=1124"}],"curies":[{"name":"wp","href":"https:\/\/api.w.org\/{rel}","templated":true}]}}